{"id":4754,"date":"2022-03-07T15:23:08","date_gmt":"2022-03-07T14:23:08","guid":{"rendered":"https:\/\/www.schilliger.fr\/construire-en-clt\/"},"modified":"2024-04-14T11:16:20","modified_gmt":"2024-04-14T09:16:20","slug":"panel-contralaminado-clt-panel-de-madera-macizo","status":"publish","type":"page","link":"https:\/\/www.schilliger.fr\/es\/productos\/panel-clt-y-mhp\/panel-contralaminado-clt-panel-de-madera-macizo\/","title":{"rendered":"Panel contralaminado CLT &#8211; Panel de madera macizo"},"content":{"rendered":"<p><div class=\"fusion-fullwidth fullwidth-box fusion-builder-row-1 fusion-flex-container nonhundred-percent-fullwidth non-hundred-percent-height-scrolling\" style=\"--awb-border-radius-top-left:0px;--awb-border-radius-top-right:0px;--awb-border-radius-bottom-right:0px;--awb-border-radius-bottom-left:0px;--awb-flex-wrap:wrap;\" ><div class=\"fusion-builder-row fusion-row fusion-flex-align-items-flex-start fusion-flex-content-wrap\" style=\"max-width:1144px;margin-left: calc(-4% \/ 2 );margin-right: calc(-4% \/ 2 );\"><div class=\"fusion-layout-column fusion_builder_column fusion-builder-column-0 fusion_builder_column_1_1 1_1 fusion-flex-column\" style=\"--awb-bg-size:cover;--awb-width-large:100%;--awb-margin-top-large:0px;--awb-spacing-right-large:1.92%;--awb-margin-bottom-large:20px;--awb-spacing-left-large:1.92%;--awb-width-medium:100%;--awb-order-medium:0;--awb-spacing-right-medium:1.92%;--awb-spacing-left-medium:1.92%;--awb-width-small:100%;--awb-order-small:0;--awb-spacing-right-small:1.92%;--awb-spacing-left-small:1.92%;\"><div class=\"fusion-column-wrapper fusion-column-has-shadow fusion-flex-justify-content-flex-start fusion-content-layout-column\"><h1 style=\"font-size: 24px !important;\">Panel contralaminado CLT - Panel de madera macizo<\/h1><div class=\"fusion-text fusion-text-1\" style=\"--awb-text-transform:none;\"><p>Los paneles CLT, formados por varias capas de tableros de madera maciza seca, ofrecen muchas ventajas para el dise\u00f1o y ideas de proyecto, as\u00ed como a la construcci\u00f3n de edificios y estructuras. Schilliger Bois ofrece una amplia gama de dimensiones y calidades est\u00e9ticas. Los paneles de madera contralaminada son elementos portantes que pueden utilizarse como muros, forjados, cubiertas o elementos de refuerzo.<\/p>\n<\/div><\/div><\/div><\/div><\/div><div class=\"fusion-fullwidth fullwidth-box fusion-builder-row-2 fusion-flex-container nonhundred-percent-fullwidth non-hundred-percent-height-scrolling\" style=\"--awb-border-radius-top-left:0px;--awb-border-radius-top-right:0px;--awb-border-radius-bottom-right:0px;--awb-border-radius-bottom-left:0px;--awb-flex-wrap:wrap;\" ><div class=\"fusion-builder-row fusion-row fusion-flex-align-items-flex-start fusion-flex-content-wrap\" style=\"max-width:1144px;margin-left: calc(-4% \/ 2 );margin-right: calc(-4% \/ 2 );\"><div class=\"fusion-layout-column fusion_builder_column fusion-builder-column-1 fusion_builder_column_1_2 1_2 fusion-flex-column\" style=\"--awb-bg-size:cover;--awb-width-large:50%;--awb-margin-top-large:0px;--awb-spacing-right-large:3.84%;--awb-margin-bottom-large:20px;--awb-spacing-left-large:3.84%;--awb-width-medium:100%;--awb-order-medium:0;--awb-spacing-right-medium:1.92%;--awb-spacing-left-medium:1.92%;--awb-width-small:100%;--awb-order-small:0;--awb-spacing-right-small:1.92%;--awb-spacing-left-small:1.92%;\"><div class=\"fusion-column-wrapper fusion-column-has-shadow fusion-flex-justify-content-flex-start fusion-content-layout-column\"><div class=\"fusion-video fusion-youtube\" style=\"--awb-max-width:600px;--awb-max-height:360px;\"><div class=\"video-shortcode\"><div class=\"fluid-width-video-wrapper\" style=\"padding-top:60%;\" ><iframe title=\"YouTube video player 1\" src=\"https:\/\/www.youtube.com\/embed\/mOoW_eFAXDE?wmode=transparent&autoplay=0&oida=1\" width=\"600\" height=\"360\" allowfullscreen allow=\"autoplay; clipboard-write; encrypted-media; gyroscope; picture-in-picture;\"><\/iframe><\/div><\/div><\/div><\/div><\/div><div class=\"fusion-layout-column fusion_builder_column fusion-builder-column-2 fusion_builder_column_1_2 1_2 fusion-flex-column\" style=\"--awb-bg-size:cover;--awb-width-large:50%;--awb-margin-top-large:0px;--awb-spacing-right-large:3.84%;--awb-margin-bottom-large:20px;--awb-spacing-left-large:3.84%;--awb-width-medium:100%;--awb-order-medium:0;--awb-spacing-right-medium:1.92%;--awb-spacing-left-medium:1.92%;--awb-width-small:100%;--awb-order-small:0;--awb-spacing-right-small:1.92%;--awb-spacing-left-small:1.92%;\"><div class=\"fusion-column-wrapper fusion-column-has-shadow fusion-flex-justify-content-flex-start fusion-content-layout-column\"><div class=\"fusion-text fusion-text-2\" style=\"--awb-text-transform:none;\"><p>El alto grado de prefabricaci\u00f3n de los <strong>paneles CLT permite el montaje de una casa CLT en pocos d\u00edas.<\/strong> Adem\u00e1s, hay muchas formas diferentes de montar los paneles contralaminados de madera para adaptarlos a su proyecto. Gracias a nuestros a\u00f1os de experiencia en el campo del CLT, podemos ofrecerle asesoramiento t\u00e9cnico y asistencia en el montaje a lo largo de su proyecto.<\/p>\n<\/div><\/div><\/div><\/div><\/div><div class=\"fusion-fullwidth fullwidth-box fusion-builder-row-3 fusion-flex-container nonhundred-percent-fullwidth non-hundred-percent-height-scrolling\" style=\"--awb-border-radius-top-left:0px;--awb-border-radius-top-right:0px;--awb-border-radius-bottom-right:0px;--awb-border-radius-bottom-left:0px;--awb-flex-wrap:wrap;\" ><div class=\"fusion-builder-row fusion-row fusion-flex-align-items-flex-start fusion-flex-content-wrap\" style=\"max-width:1144px;margin-left: calc(-4% \/ 2 );margin-right: calc(-4% \/ 2 );\"><div class=\"fusion-layout-column fusion_builder_column fusion-builder-column-3 fusion_builder_column_1_1 1_1 fusion-flex-column\" style=\"--awb-bg-size:cover;--awb-width-large:100%;--awb-margin-top-large:0px;--awb-spacing-right-large:1.92%;--awb-margin-bottom-large:20px;--awb-spacing-left-large:1.92%;--awb-width-medium:100%;--awb-order-medium:0;--awb-spacing-right-medium:1.92%;--awb-spacing-left-medium:1.92%;--awb-width-small:100%;--awb-order-small:0;--awb-spacing-right-small:1.92%;--awb-spacing-left-small:1.92%;\"><div class=\"fusion-column-wrapper fusion-column-has-shadow fusion-flex-justify-content-flex-start fusion-content-layout-column\"><div class=\"fusion-separator fusion-full-width-sep\" style=\"align-self: center;margin-left: auto;margin-right: auto;margin-top:20px;width:100%;\"><\/div><h2 style=\"font-size: 24px !important;\">SCHILLIGER CLT \u2013 CARACTER\u00cdSTICAS GENERALES<\/h2><\/div><\/div><\/div><\/div><div class=\"fusion-fullwidth fullwidth-box fusion-builder-row-4 fusion-flex-container nonhundred-percent-fullwidth non-hundred-percent-height-scrolling\" style=\"--awb-border-radius-top-left:0px;--awb-border-radius-top-right:0px;--awb-border-radius-bottom-right:0px;--awb-border-radius-bottom-left:0px;--awb-flex-wrap:wrap;\" ><div class=\"fusion-builder-row fusion-row fusion-flex-align-items-flex-start fusion-flex-content-wrap\" style=\"max-width:1144px;margin-left: calc(-4% \/ 2 );margin-right: calc(-4% \/ 2 );\"><div class=\"fusion-layout-column fusion_builder_column fusion-builder-column-4 fusion_builder_column_1_2 1_2 fusion-flex-column\" style=\"--awb-bg-size:cover;--awb-width-large:50%;--awb-margin-top-large:0px;--awb-spacing-right-large:3.84%;--awb-margin-bottom-large:20px;--awb-spacing-left-large:3.84%;--awb-width-medium:100%;--awb-order-medium:0;--awb-spacing-right-medium:1.92%;--awb-spacing-left-medium:1.92%;--awb-width-small:100%;--awb-order-small:0;--awb-spacing-right-small:1.92%;--awb-spacing-left-small:1.92%;\"><div class=\"fusion-column-wrapper fusion-column-has-shadow fusion-flex-justify-content-flex-start fusion-content-layout-column\"><div class=\"fusion-separator fusion-full-width-sep\" style=\"align-self: center;margin-left: auto;margin-right: auto;margin-top:20px;width:100%;\"><\/div><div class=\"fusion-text fusion-text-3\" style=\"--awb-text-transform:none;\"><p>Las caracter\u00edsticas mec\u00e1nicas de un panel CLT var\u00edan en funci\u00f3n de la composici\u00f3n de las diferentes capas: su modularidad de uso, su gran estabilidad estructural y su ligereza permiten la realizaci\u00f3n de proyectos arquitect\u00f3nicos complejos y audaces. Por \u00faltimo, utilizamos madera local (madera francesa) procedente de bosques gestionados de forma sostenible (PEFC, FSC). As\u00ed, nuestros paneles contralaminados de madera CLT tienen una baja huella de carbono y cumplen las expectativas medioambientales actuales.<\/p>\n<\/div><div class=\"fusion-separator fusion-full-width-sep\" style=\"align-self: center;margin-left: auto;margin-right: auto;margin-top:20px;width:100%;\"><\/div>\n<div class=\"table-1\">\n<table width=\"100%\">\n<thead>\n<tr>\n<th align=\"left\">Tipos de madera<\/th>\n<th align=\"left\">Abeto, Picea y douglas. Otros tipos de madera.<\/th>\n<\/tr>\n<\/thead>\n<tbody>\n<tr>\n<td align=\"left\">Contenido de humedad<\/td>\n<td align=\"left\">10% \u00b1 2%<\/td>\n<\/tr>\n<tr>\n<td align=\"left\">Resistencia a la difusi\u00f3n \u03bc<\/td>\n<td align=\"left\">20-50<\/td>\n<\/tr>\n<tr>\n<td align=\"left\">Conductividad t\u00e9rmica \u03bb<\/td>\n<td align=\"left\">0,13 W\/m\/K<\/td>\n<\/tr>\n<tr>\n<td align=\"left\">Almacenamiento de CO2<\/td>\n<td align=\"left\">716 kg CO2 eq \/ m3<\/td>\n<\/tr>\n<tr>\n<td align=\"left\">Dimensi\u00f3n m\u00e1xima<\/td>\n<td align=\"left\">3,4m x 14,0m. Hasta 18,0m bajo petici\u00f3n<\/td>\n<\/tr>\n<tr>\n<td align=\"left\">Espesor<\/td>\n<td align=\"left\">27 \u00e0 400mm<\/td>\n<\/tr>\n<tr>\n<td align=\"left\">Densidad de la madera<\/td>\n<td align=\"left\">500 kg\/m3<\/td>\n<\/tr>\n<tr>\n<td align=\"left\">Calidades visuales<\/td>\n<td align=\"left\">3 calidades (visto, visto industrial, no visto)<\/td>\n<\/tr>\n<\/tbody>\n<\/table>\n<\/div>\n<\/div><\/div><div class=\"fusion-layout-column fusion_builder_column fusion-builder-column-5 fusion_builder_column_1_2 1_2 fusion-flex-column\" style=\"--awb-bg-size:cover;--awb-width-large:50%;--awb-margin-top-large:0px;--awb-spacing-right-large:3.84%;--awb-margin-bottom-large:20px;--awb-spacing-left-large:3.84%;--awb-width-medium:100%;--awb-order-medium:0;--awb-spacing-right-medium:1.92%;--awb-spacing-left-medium:1.92%;--awb-width-small:100%;--awb-order-small:0;--awb-spacing-right-small:1.92%;--awb-spacing-left-small:1.92%;\"><div class=\"fusion-column-wrapper fusion-column-has-shadow fusion-flex-justify-content-flex-start fusion-content-layout-column\"><div class=\"fusion-separator fusion-full-width-sep\" style=\"align-self: center;margin-left: auto;margin-right: auto;margin-top:20px;width:100%;\"><\/div><div class=\"fusion-image-element \" style=\"--awb-caption-title-font-family:var(--h2_typography-font-family);--awb-caption-title-font-weight:var(--h2_typography-font-weight);--awb-caption-title-font-style:var(--h2_typography-font-style);--awb-caption-title-size:var(--h2_typography-font-size);--awb-caption-title-transform:var(--h2_typography-text-transform);--awb-caption-title-line-height:var(--h2_typography-line-height);--awb-caption-title-letter-spacing:var(--h2_typography-letter-spacing);\"><span class=\" fusion-imageframe imageframe-none imageframe-1 hover-type-none\"><a class=\"fusion-no-lightbox\" href=\"http:\/\/www.schilliger.fr\/wp-content\/uploads\/sites\/6\/2022\/11\/panneaux-bois-clt-construire-en-clt-schilliger-bois.jpg\" target=\"_blank\" aria-label=\"Panneaux bois CLT, compos\u00e9s de plusieurs couches crois\u00e9es de planches en bois massif s\u00e9ch\u00e9\" rel=\"noopener noreferrer\"><img decoding=\"async\" width=\"2268\" height=\"1134\" alt=\"Panneaux bois CLT, compos\u00e9s de plusieurs couches crois\u00e9es de planches en bois massif s\u00e9ch\u00e9\" src=\"http:\/\/www.schilliger.fr\/wp-content\/uploads\/sites\/6\/2022\/11\/panneaux-bois-clt-construire-en-clt-schilliger-bois.jpg\" class=\"img-responsive wp-image-4636\" srcset=\"https:\/\/www.schilliger.fr\/wp-content\/uploads\/sites\/6\/2022\/11\/panneaux-bois-clt-construire-en-clt-schilliger-bois-200x100.jpg 200w, https:\/\/www.schilliger.fr\/wp-content\/uploads\/sites\/6\/2022\/11\/panneaux-bois-clt-construire-en-clt-schilliger-bois-400x200.jpg 400w, https:\/\/www.schilliger.fr\/wp-content\/uploads\/sites\/6\/2022\/11\/panneaux-bois-clt-construire-en-clt-schilliger-bois-600x300.jpg 600w, https:\/\/www.schilliger.fr\/wp-content\/uploads\/sites\/6\/2022\/11\/panneaux-bois-clt-construire-en-clt-schilliger-bois-800x400.jpg 800w, https:\/\/www.schilliger.fr\/wp-content\/uploads\/sites\/6\/2022\/11\/panneaux-bois-clt-construire-en-clt-schilliger-bois-1200x600.jpg 1200w, https:\/\/www.schilliger.fr\/wp-content\/uploads\/sites\/6\/2022\/11\/panneaux-bois-clt-construire-en-clt-schilliger-bois.jpg 2268w\" sizes=\"(max-width: 1024px) 100vw, (max-width: 640px) 100vw, 600px\" \/><\/a><\/span><\/div><div class=\"fusion-separator fusion-full-width-sep\" style=\"align-self: center;margin-left: auto;margin-right: auto;margin-top:20px;width:100%;\"><\/div><div class=\"fusion-separator fusion-full-width-sep\" style=\"align-self: center;margin-left: auto;margin-right: auto;margin-top:20px;width:100%;\"><\/div><div ><a class=\"fusion-button button-flat fusion-button-default-size button-default fusion-button-default button-1 fusion-button-default-span fusion-button-default-type\" target=\"_blank\" rel=\"noopener noreferrer\" title=\"Download the PDF\" aria-label=\"Download the PDF\" href=\"http:\/\/www.schilliger.fr\/wp-content\/uploads\/sites\/6\/2021\/02\/SCHILLIGER-28P-PMC-2021-WEB.pdf\"><span class=\"fusion-button-text awb-button__text awb-button__text--default\">Catalogo panel CLT<\/span><\/a><\/div><div class=\"fusion-separator fusion-full-width-sep\" style=\"align-self: center;margin-left: auto;margin-right: auto;margin-top:20px;width:100%;\"><\/div><div ><a class=\"fusion-button button-flat fusion-button-default-size button-default fusion-button-default button-2 fusion-button-default-span fusion-button-default-type\" target=\"_blank\" rel=\"noopener noreferrer\" title=\"Download the PDF\" aria-label=\"Download the PDF\" href=\"http:\/\/www.schilliger.fr\/wp-content\/uploads\/sites\/6\/2019\/06\/Merkbl\u00e4tter-Platten-neu-Frankreich.pdf\"><span class=\"fusion-button-text awb-button__text awb-button__text--default\">Detalles de construcci\u00f3n<\/span><\/a><\/div><div class=\"fusion-separator fusion-full-width-sep\" style=\"align-self: center;margin-left: auto;margin-right: auto;margin-top:20px;width:100%;\"><\/div><div ><a class=\"fusion-button button-flat fusion-button-default-size button-default fusion-button-default button-3 fusion-button-default-span fusion-button-default-type\" target=\"_blank\" rel=\"noopener noreferrer\" href=\"http:\/\/www.clt-tech.com\/\"><span class=\"fusion-button-text awb-button__text awb-button__text--default\">CLT-Tech.com<\/span><\/a><\/div><\/div><\/div><\/div><\/div><div class=\"fusion-fullwidth fullwidth-box fusion-builder-row-5 fusion-flex-container nonhundred-percent-fullwidth non-hundred-percent-height-scrolling\" style=\"--awb-border-radius-top-left:0px;--awb-border-radius-top-right:0px;--awb-border-radius-bottom-right:0px;--awb-border-radius-bottom-left:0px;--awb-flex-wrap:wrap;\" ><div class=\"fusion-builder-row fusion-row fusion-flex-align-items-flex-start fusion-flex-content-wrap\" style=\"max-width:1144px;margin-left: calc(-4% \/ 2 );margin-right: calc(-4% \/ 2 );\"><div class=\"fusion-layout-column fusion_builder_column fusion-builder-column-6 fusion_builder_column_1_1 1_1 fusion-flex-column\" style=\"--awb-bg-size:cover;--awb-width-large:100%;--awb-margin-top-large:0px;--awb-spacing-right-large:1.92%;--awb-margin-bottom-large:20px;--awb-spacing-left-large:1.92%;--awb-width-medium:100%;--awb-order-medium:0;--awb-spacing-right-medium:1.92%;--awb-spacing-left-medium:1.92%;--awb-width-small:100%;--awb-order-small:0;--awb-spacing-right-small:1.92%;--awb-spacing-left-small:1.92%;\"><div class=\"fusion-column-wrapper fusion-column-has-shadow fusion-flex-justify-content-flex-start fusion-content-layout-column\"><div class=\"fusion-separator fusion-full-width-sep\" style=\"align-self: center;margin-left: auto;margin-right: auto;margin-top:20px;width:100%;\"><\/div><h2 style=\"font-size: 24px !important;\">MAS INFORMACI\u00d3N SOBRE LOS PANELES CLT Y SUS POSIBLES APLICACIONES <\/h2><div class=\"fusion-text fusion-text-4\" style=\"--awb-text-transform:none;\"><p>\u00bfQuiere saber m\u00e1s sobre los paneles contralaminados de madera maciza Schilliger y sus posibles aplicaciones? Env\u00edenos su solicitud y p\u00f3ngase en contacto con nosotros, sin compromiso.<\/p>\n<\/div><div ><a class=\"fusion-button button-flat fusion-button-default-size button-default fusion-button-default button-4 fusion-button-default-span fusion-button-default-type\" target=\"_blank\" rel=\"noopener noreferrer\" title=\"Saber mas\" aria-label=\"Saber mas\" href=\"https:\/\/www.schilliger.fr\/contact-refonte\/\"><span class=\"fusion-button-text awb-button__text awb-button__text--default\">P\u00f3ngase en contacto con nosotros<\/span><\/a><\/div><div class=\"fusion-separator fusion-full-width-sep\" style=\"align-self: center;margin-left: auto;margin-right: auto;margin-top:20px;width:100%;\"><\/div><\/div><\/div><\/div><\/div><div class=\"fusion-fullwidth fullwidth-box fusion-builder-row-6 fusion-flex-container nonhundred-percent-fullwidth non-hundred-percent-height-scrolling\" style=\"--awb-border-radius-top-left:0px;--awb-border-radius-top-right:0px;--awb-border-radius-bottom-right:0px;--awb-border-radius-bottom-left:0px;--awb-flex-wrap:wrap;\" ><div class=\"fusion-builder-row fusion-row fusion-flex-align-items-flex-start fusion-flex-content-wrap\" style=\"max-width:1144px;margin-left: calc(-4% \/ 2 );margin-right: calc(-4% \/ 2 );\"><div class=\"fusion-layout-column fusion_builder_column fusion-builder-column-7 fusion_builder_column_1_1 1_1 fusion-flex-column\" style=\"--awb-bg-size:cover;--awb-width-large:100%;--awb-margin-top-large:0px;--awb-spacing-right-large:1.92%;--awb-margin-bottom-large:20px;--awb-spacing-left-large:1.92%;--awb-width-medium:100%;--awb-order-medium:0;--awb-spacing-right-medium:1.92%;--awb-spacing-left-medium:1.92%;--awb-width-small:100%;--awb-order-small:0;--awb-spacing-right-small:1.92%;--awb-spacing-left-small:1.92%;\"><div class=\"fusion-column-wrapper fusion-column-has-shadow fusion-flex-justify-content-flex-start fusion-content-layout-column\"><div class=\"fusion-separator fusion-full-width-sep\" style=\"align-self: center;margin-left: auto;margin-right: auto;margin-top:20px;width:100%;\"><\/div><h2 style=\"font-size: 24px !important;\">CONSTRUCCI\u00d3N EN MADERA CLT \u2013 CALIDADES VISUALES<\/h2><\/div><\/div><\/div><\/div><div class=\"fusion-fullwidth fullwidth-box fusion-builder-row-7 fusion-flex-container nonhundred-percent-fullwidth non-hundred-percent-height-scrolling\" style=\"--awb-border-radius-top-left:0px;--awb-border-radius-top-right:0px;--awb-border-radius-bottom-right:0px;--awb-border-radius-bottom-left:0px;--awb-flex-wrap:wrap;\" ><div class=\"fusion-builder-row fusion-row fusion-flex-align-items-flex-start fusion-flex-content-wrap\" style=\"max-width:1144px;margin-left: calc(-4% \/ 2 );margin-right: calc(-4% \/ 2 );\"><div class=\"fusion-layout-column fusion_builder_column fusion-builder-column-8 fusion_builder_column_1_2 1_2 fusion-flex-column\" style=\"--awb-bg-size:cover;--awb-width-large:50%;--awb-margin-top-large:0px;--awb-spacing-right-large:3.84%;--awb-margin-bottom-large:20px;--awb-spacing-left-large:3.84%;--awb-width-medium:100%;--awb-order-medium:0;--awb-spacing-right-medium:1.92%;--awb-spacing-left-medium:1.92%;--awb-width-small:100%;--awb-order-small:0;--awb-spacing-right-small:1.92%;--awb-spacing-left-small:1.92%;\"><div class=\"fusion-column-wrapper fusion-column-has-shadow fusion-flex-justify-content-flex-start fusion-content-layout-column\"><div class=\"fusion-image-element \" style=\"--awb-caption-title-font-family:var(--h2_typography-font-family);--awb-caption-title-font-weight:var(--h2_typography-font-weight);--awb-caption-title-font-style:var(--h2_typography-font-style);--awb-caption-title-size:var(--h2_typography-font-size);--awb-caption-title-transform:var(--h2_typography-text-transform);--awb-caption-title-line-height:var(--h2_typography-line-height);--awb-caption-title-letter-spacing:var(--h2_typography-letter-spacing);\"><span class=\" fusion-imageframe imageframe-none imageframe-2 hover-type-none\"><a class=\"fusion-no-lightbox\" href=\"http:\/\/www.schilliger.fr\/wp-content\/uploads\/sites\/6\/2022\/03\/palazzo-meridia-panneaux-construire-en-clt-schilliger-bois.jpg\" target=\"_blank\" aria-label=\"Palazzo M\u00e9ridia, Nice \u2013 livraison du CLT par Schilliger Bois\" rel=\"noopener noreferrer\"><img decoding=\"async\" width=\"1920\" height=\"1080\" alt=\" Palazzo M\u00e9ridia, Nice \u2013 livraison du CLT par Schilliger Bois\" src=\"http:\/\/www.schilliger.fr\/wp-content\/uploads\/sites\/6\/2022\/03\/palazzo-meridia-panneaux-construire-en-clt-schilliger-bois.jpg\" class=\"img-responsive wp-image-4579\" srcset=\"https:\/\/www.schilliger.fr\/wp-content\/uploads\/sites\/6\/2022\/03\/palazzo-meridia-panneaux-construire-en-clt-schilliger-bois-200x113.jpg 200w, https:\/\/www.schilliger.fr\/wp-content\/uploads\/sites\/6\/2022\/03\/palazzo-meridia-panneaux-construire-en-clt-schilliger-bois-400x225.jpg 400w, https:\/\/www.schilliger.fr\/wp-content\/uploads\/sites\/6\/2022\/03\/palazzo-meridia-panneaux-construire-en-clt-schilliger-bois-600x338.jpg 600w, https:\/\/www.schilliger.fr\/wp-content\/uploads\/sites\/6\/2022\/03\/palazzo-meridia-panneaux-construire-en-clt-schilliger-bois-800x450.jpg 800w, https:\/\/www.schilliger.fr\/wp-content\/uploads\/sites\/6\/2022\/03\/palazzo-meridia-panneaux-construire-en-clt-schilliger-bois-1200x675.jpg 1200w, https:\/\/www.schilliger.fr\/wp-content\/uploads\/sites\/6\/2022\/03\/palazzo-meridia-panneaux-construire-en-clt-schilliger-bois.jpg 1920w\" sizes=\"(max-width: 1024px) 100vw, (max-width: 640px) 100vw, 600px\" \/><\/a><\/span><\/div><\/div><\/div><div class=\"fusion-layout-column fusion_builder_column fusion-builder-column-9 fusion_builder_column_1_2 1_2 fusion-flex-column\" style=\"--awb-bg-size:cover;--awb-width-large:50%;--awb-margin-top-large:0px;--awb-spacing-right-large:3.84%;--awb-margin-bottom-large:20px;--awb-spacing-left-large:3.84%;--awb-width-medium:100%;--awb-order-medium:0;--awb-spacing-right-medium:1.92%;--awb-spacing-left-medium:1.92%;--awb-width-small:100%;--awb-order-small:0;--awb-spacing-right-small:1.92%;--awb-spacing-left-small:1.92%;\"><div class=\"fusion-column-wrapper fusion-column-has-shadow fusion-flex-justify-content-flex-start fusion-content-layout-column\"><div class=\"fusion-text fusion-text-5\" style=\"--awb-text-transform:none;\"><p><strong>Cada proyecto es diferente en su arquitectura y apariencia<\/strong> (imagen: Palazzo Meridia, Niza, entrega CLT de Schilliger Bois \u00a9 Antoine Duhamel Photography). Gracias a nuestra flexibilidad y experiencia en el campo del panel CLT, el tablero contralaminado CLT ofrece, adem\u00e1s de sus excelentes caracter\u00edsticas estructurales, una amplia gama de colores y tratamientos de superficies. Nuestro objetivo es satisfacer todos sus criterios visuales, para integrar nuestros paneles de CLT en su proyecto y su entorno.<\/p>\n<\/div><\/div><\/div><\/div><\/div><div class=\"fusion-fullwidth fullwidth-box fusion-builder-row-8 fusion-flex-container nonhundred-percent-fullwidth non-hundred-percent-height-scrolling\" style=\"--awb-border-radius-top-left:0px;--awb-border-radius-top-right:0px;--awb-border-radius-bottom-right:0px;--awb-border-radius-bottom-left:0px;--awb-flex-wrap:wrap;\" ><div class=\"fusion-builder-row fusion-row fusion-flex-align-items-flex-start fusion-flex-content-wrap\" style=\"max-width:1144px;margin-left: calc(-4% \/ 2 );margin-right: calc(-4% \/ 2 );\"><div class=\"fusion-layout-column fusion_builder_column fusion-builder-column-10 fusion_builder_column_1_2 1_2 fusion-flex-column\" style=\"--awb-bg-size:cover;--awb-width-large:50%;--awb-margin-top-large:0px;--awb-spacing-right-large:3.84%;--awb-margin-bottom-large:20px;--awb-spacing-left-large:3.84%;--awb-width-medium:100%;--awb-order-medium:0;--awb-spacing-right-medium:1.92%;--awb-spacing-left-medium:1.92%;--awb-width-small:100%;--awb-order-small:0;--awb-spacing-right-small:1.92%;--awb-spacing-left-small:1.92%;\"><div class=\"fusion-column-wrapper fusion-column-has-shadow fusion-flex-justify-content-flex-start fusion-content-layout-column\"><div class=\"fusion-separator fusion-full-width-sep\" style=\"align-self: center;margin-left: auto;margin-right: auto;margin-top:20px;width:100%;\"><\/div><div class=\"fusion-text fusion-text-6\" style=\"--awb-text-transform:none;\"><p><strong>Varios tipos de madera \/ Opciones est\u00e9ticas y econ\u00f3micas<\/strong><br \/>\nDependiendo de su proyecto, podemos ofrecerle diferentes especies de madera: abeto, picea, abeto de Douglas y otras maderas blandas bajo petici\u00f3n. Podemos proponer varias combinaciones: paneles CLT de una sola especie, combinaci\u00f3n de dos especies (cara vista y capas no vistas), mezcla de especies en las diferentes capas. Independientemente de la especie de madera utilizada, el panel contralaminado CLT cumple los requisitos estructurales previstos. La elecci\u00f3n de las especies de madera responde en primer lugar a sus exigencias est\u00e9ticas, pero tambi\u00e9n puede tener ventajas econ\u00f3micas.<\/p>\n<\/div><\/div><\/div><div class=\"fusion-layout-column fusion_builder_column fusion-builder-column-11 fusion_builder_column_1_2 1_2 fusion-flex-column\" style=\"--awb-bg-size:cover;--awb-width-large:50%;--awb-margin-top-large:0px;--awb-spacing-right-large:3.84%;--awb-margin-bottom-large:20px;--awb-spacing-left-large:3.84%;--awb-width-medium:100%;--awb-order-medium:0;--awb-spacing-right-medium:1.92%;--awb-spacing-left-medium:1.92%;--awb-width-small:100%;--awb-order-small:0;--awb-spacing-right-small:1.92%;--awb-spacing-left-small:1.92%;\"><div class=\"fusion-column-wrapper fusion-column-has-shadow fusion-flex-justify-content-flex-start fusion-content-layout-column\"><div class=\"fusion-separator fusion-full-width-sep\" style=\"align-self: center;margin-left: auto;margin-right: auto;margin-top:20px;width:100%;\"><\/div><div class=\"fusion-image-element \" style=\"--awb-caption-title-font-family:var(--h2_typography-font-family);--awb-caption-title-font-weight:var(--h2_typography-font-weight);--awb-caption-title-font-style:var(--h2_typography-font-style);--awb-caption-title-size:var(--h2_typography-font-size);--awb-caption-title-transform:var(--h2_typography-text-transform);--awb-caption-title-line-height:var(--h2_typography-line-height);--awb-caption-title-letter-spacing:var(--h2_typography-letter-spacing);\"><span class=\" fusion-imageframe imageframe-none imageframe-3 hover-type-none\"><a class=\"fusion-no-lightbox\" href=\"http:\/\/www.schilliger.fr\/wp-content\/uploads\/sites\/6\/2022\/03\/toiture-de-gare-routiere-panneaux-construire-en-clt-schilliger-bois.jpg\" target=\"_blank\" aria-label=\"Toiture de gare routi\u00e8re construite en CLT, peinture bleue\" rel=\"noopener noreferrer\"><img decoding=\"async\" width=\"1920\" height=\"1080\" alt=\"Toiture de gare routi\u00e8re construite en CLT, peinture bleue\" src=\"http:\/\/www.schilliger.fr\/wp-content\/uploads\/sites\/6\/2022\/03\/toiture-de-gare-routiere-panneaux-construire-en-clt-schilliger-bois.jpg\" class=\"img-responsive wp-image-4580\" srcset=\"https:\/\/www.schilliger.fr\/wp-content\/uploads\/sites\/6\/2022\/03\/toiture-de-gare-routiere-panneaux-construire-en-clt-schilliger-bois-200x113.jpg 200w, https:\/\/www.schilliger.fr\/wp-content\/uploads\/sites\/6\/2022\/03\/toiture-de-gare-routiere-panneaux-construire-en-clt-schilliger-bois-400x225.jpg 400w, https:\/\/www.schilliger.fr\/wp-content\/uploads\/sites\/6\/2022\/03\/toiture-de-gare-routiere-panneaux-construire-en-clt-schilliger-bois-600x338.jpg 600w, https:\/\/www.schilliger.fr\/wp-content\/uploads\/sites\/6\/2022\/03\/toiture-de-gare-routiere-panneaux-construire-en-clt-schilliger-bois-800x450.jpg 800w, https:\/\/www.schilliger.fr\/wp-content\/uploads\/sites\/6\/2022\/03\/toiture-de-gare-routiere-panneaux-construire-en-clt-schilliger-bois-1200x675.jpg 1200w, https:\/\/www.schilliger.fr\/wp-content\/uploads\/sites\/6\/2022\/03\/toiture-de-gare-routiere-panneaux-construire-en-clt-schilliger-bois.jpg 1920w\" sizes=\"(max-width: 1024px) 100vw, (max-width: 640px) 100vw, 600px\" \/><\/a><\/span><\/div><\/div><\/div><\/div><\/div><div class=\"fusion-fullwidth fullwidth-box fusion-builder-row-9 fusion-flex-container nonhundred-percent-fullwidth non-hundred-percent-height-scrolling\" style=\"--awb-border-radius-top-left:0px;--awb-border-radius-top-right:0px;--awb-border-radius-bottom-right:0px;--awb-border-radius-bottom-left:0px;--awb-flex-wrap:wrap;\" ><div class=\"fusion-builder-row fusion-row fusion-flex-align-items-flex-start fusion-flex-content-wrap\" style=\"max-width:1144px;margin-left: calc(-4% \/ 2 );margin-right: calc(-4% \/ 2 );\"><div class=\"fusion-layout-column fusion_builder_column fusion-builder-column-12 fusion_builder_column_1_2 1_2 fusion-flex-column\" style=\"--awb-bg-size:cover;--awb-width-large:50%;--awb-margin-top-large:0px;--awb-spacing-right-large:3.84%;--awb-margin-bottom-large:20px;--awb-spacing-left-large:3.84%;--awb-width-medium:100%;--awb-order-medium:0;--awb-spacing-right-medium:1.92%;--awb-spacing-left-medium:1.92%;--awb-width-small:100%;--awb-order-small:0;--awb-spacing-right-small:1.92%;--awb-spacing-left-small:1.92%;\"><div class=\"fusion-column-wrapper fusion-column-has-shadow fusion-flex-justify-content-flex-start fusion-content-layout-column\"><div class=\"fusion-separator fusion-full-width-sep\" style=\"align-self: center;margin-left: auto;margin-right: auto;margin-top:20px;width:100%;\"><\/div><div class=\"fusion-text fusion-text-7\" style=\"--awb-text-transform:none;\"><p><strong>Pre-lasura \/ Listo para instalar<\/strong><br \/>\nEl panel contralaminado CLT Schilliger tambi\u00e9n puede ser barnizado. Podemos entregar los paneles en bruto para ser barnizado in situ, o ya con una primera capa de pintura. Los paneles CTL tambi\u00e9n pueden entregarse pintados, listos para ser instalados sin necesidad de retoques.<\/p>\n<\/div><div class=\"fusion-separator fusion-full-width-sep\" style=\"align-self: center;margin-left: auto;margin-right: auto;margin-top:20px;width:100%;\"><\/div><\/div><\/div><div class=\"fusion-layout-column fusion_builder_column fusion-builder-column-13 fusion_builder_column_1_2 1_2 fusion-flex-column\" style=\"--awb-bg-size:cover;--awb-width-large:50%;--awb-margin-top-large:0px;--awb-spacing-right-large:3.84%;--awb-margin-bottom-large:20px;--awb-spacing-left-large:3.84%;--awb-width-medium:100%;--awb-order-medium:0;--awb-spacing-right-medium:1.92%;--awb-spacing-left-medium:1.92%;--awb-width-small:100%;--awb-order-small:0;--awb-spacing-right-small:1.92%;--awb-spacing-left-small:1.92%;\"><div class=\"fusion-column-wrapper fusion-column-has-shadow fusion-flex-justify-content-flex-start fusion-content-layout-column\"><div class=\"fusion-separator fusion-full-width-sep\" style=\"align-self: center;margin-left: auto;margin-right: auto;margin-top:20px;width:100%;\"><\/div><div class=\"fusion-image-element \" style=\"--awb-caption-title-font-family:var(--h2_typography-font-family);--awb-caption-title-font-weight:var(--h2_typography-font-weight);--awb-caption-title-font-style:var(--h2_typography-font-style);--awb-caption-title-size:var(--h2_typography-font-size);--awb-caption-title-transform:var(--h2_typography-text-transform);--awb-caption-title-line-height:var(--h2_typography-line-height);--awb-caption-title-letter-spacing:var(--h2_typography-letter-spacing);\"><span class=\" fusion-imageframe imageframe-none imageframe-4 hover-type-none\"><a class=\"fusion-no-lightbox\" href=\"http:\/\/www.schilliger.fr\/wp-content\/uploads\/sites\/6\/2022\/03\/panneau-lasure-chene-panneaux-construire-en-clt-schilliger-bois.jpg\" target=\"_blank\" aria-label=\"Panneau lasur\u00e9 ch\u00eane (Reguisheim, France)\" rel=\"noopener noreferrer\"><img decoding=\"async\" width=\"1920\" height=\"1080\" alt=\"Panneau lasur\u00e9 ch\u00eane (Reguisheim, France)\" src=\"http:\/\/www.schilliger.fr\/wp-content\/uploads\/sites\/6\/2022\/03\/panneau-lasure-chene-panneaux-construire-en-clt-schilliger-bois.jpg\" class=\"img-responsive wp-image-4581\" srcset=\"https:\/\/www.schilliger.fr\/wp-content\/uploads\/sites\/6\/2022\/03\/panneau-lasure-chene-panneaux-construire-en-clt-schilliger-bois-200x113.jpg 200w, https:\/\/www.schilliger.fr\/wp-content\/uploads\/sites\/6\/2022\/03\/panneau-lasure-chene-panneaux-construire-en-clt-schilliger-bois-400x225.jpg 400w, https:\/\/www.schilliger.fr\/wp-content\/uploads\/sites\/6\/2022\/03\/panneau-lasure-chene-panneaux-construire-en-clt-schilliger-bois-600x338.jpg 600w, https:\/\/www.schilliger.fr\/wp-content\/uploads\/sites\/6\/2022\/03\/panneau-lasure-chene-panneaux-construire-en-clt-schilliger-bois-800x450.jpg 800w, https:\/\/www.schilliger.fr\/wp-content\/uploads\/sites\/6\/2022\/03\/panneau-lasure-chene-panneaux-construire-en-clt-schilliger-bois-1200x675.jpg 1200w, https:\/\/www.schilliger.fr\/wp-content\/uploads\/sites\/6\/2022\/03\/panneau-lasure-chene-panneaux-construire-en-clt-schilliger-bois.jpg 1920w\" sizes=\"(max-width: 1024px) 100vw, (max-width: 640px) 100vw, 600px\" \/><\/a><\/span><\/div><div class=\"fusion-separator fusion-full-width-sep\" style=\"align-self: center;margin-left: auto;margin-right: auto;margin-top:20px;width:100%;\"><\/div><\/div><\/div><\/div><\/div><div class=\"fusion-fullwidth fullwidth-box fusion-builder-row-10 fusion-flex-container nonhundred-percent-fullwidth non-hundred-percent-height-scrolling\" style=\"--awb-border-radius-top-left:0px;--awb-border-radius-top-right:0px;--awb-border-radius-bottom-right:0px;--awb-border-radius-bottom-left:0px;--awb-flex-wrap:wrap;\" ><div class=\"fusion-builder-row fusion-row fusion-flex-align-items-flex-start fusion-flex-content-wrap\" style=\"max-width:1144px;margin-left: calc(-4% \/ 2 );margin-right: calc(-4% \/ 2 );\"><div class=\"fusion-layout-column fusion_builder_column fusion-builder-column-14 fusion_builder_column_1_1 1_1 fusion-flex-column\" style=\"--awb-bg-size:cover;--awb-width-large:100%;--awb-margin-top-large:0px;--awb-spacing-right-large:1.92%;--awb-margin-bottom-large:20px;--awb-spacing-left-large:1.92%;--awb-width-medium:100%;--awb-order-medium:0;--awb-spacing-right-medium:1.92%;--awb-spacing-left-medium:1.92%;--awb-width-small:100%;--awb-order-small:0;--awb-spacing-right-small:1.92%;--awb-spacing-left-small:1.92%;\"><div class=\"fusion-column-wrapper fusion-column-has-shadow fusion-flex-justify-content-flex-start fusion-content-layout-column\"><div class=\"fusion-separator fusion-full-width-sep\" style=\"align-self: center;margin-left: auto;margin-right: auto;margin-top:20px;width:100%;\"><\/div><h2 style=\"font-size: 24px !important;\">CLT CALIDADES VISUALES \u2013 PRINCIPALES CRITERIOS DE CALIDAD<\/h2><div class=\"fusion-text fusion-text-8\" style=\"--awb-text-transform:none;\"><p>Cada panel de CLT se caracteriza por la calidad de sus dos superficies principales. Todas las combinaciones son posibles. Diferentes calidades de superficie est\u00e1n disponibles:<\/p>\n<p><strong>Calidad B<\/strong>\u00a0superficie de alta calidad est\u00e9tica vista, lijado y purgado de los defectos de la madera.<\/p>\n<p><strong>Calidad C<\/strong>\u00a0superficie est\u00e9tica de calidad vista industrial, masticada y lijada.<\/p>\n<p><strong>Calilad D<\/strong>\u00a0superficie est\u00e9tica de calidad no vista, sin criterio est\u00e9tico.<\/p>\n<\/div><\/div><\/div><div class=\"fusion-layout-column fusion_builder_column fusion-builder-column-15 fusion_builder_column_1_1 1_1 fusion-flex-column\" style=\"--awb-bg-size:cover;--awb-width-large:100%;--awb-margin-top-large:0px;--awb-spacing-right-large:1.92%;--awb-margin-bottom-large:20px;--awb-spacing-left-large:1.92%;--awb-width-medium:100%;--awb-order-medium:0;--awb-spacing-right-medium:1.92%;--awb-spacing-left-medium:1.92%;--awb-width-small:100%;--awb-order-small:0;--awb-spacing-right-small:1.92%;--awb-spacing-left-small:1.92%;\"><div class=\"fusion-column-wrapper fusion-column-has-shadow fusion-flex-justify-content-flex-start fusion-content-layout-column\"><\/div><\/div><\/div><\/div><div class=\"fusion-fullwidth fullwidth-box fusion-builder-row-11 fusion-flex-container nonhundred-percent-fullwidth non-hundred-percent-height-scrolling\" style=\"--awb-border-radius-top-left:0px;--awb-border-radius-top-right:0px;--awb-border-radius-bottom-right:0px;--awb-border-radius-bottom-left:0px;--awb-flex-wrap:wrap;\" ><div class=\"fusion-builder-row fusion-row fusion-flex-align-items-flex-start fusion-flex-content-wrap\" style=\"max-width:1144px;margin-left: calc(-4% \/ 2 );margin-right: calc(-4% \/ 2 );\"><div class=\"fusion-layout-column fusion_builder_column fusion-builder-column-16 fusion_builder_column_1_1 1_1 fusion-flex-column\" style=\"--awb-bg-size:cover;--awb-width-large:100%;--awb-margin-top-large:0px;--awb-spacing-right-large:1.92%;--awb-margin-bottom-large:20px;--awb-spacing-left-large:1.92%;--awb-width-medium:100%;--awb-order-medium:0;--awb-spacing-right-medium:1.92%;--awb-spacing-left-medium:1.92%;--awb-width-small:100%;--awb-order-small:0;--awb-spacing-right-small:1.92%;--awb-spacing-left-small:1.92%;\"><div class=\"fusion-column-wrapper fusion-column-has-shadow fusion-flex-justify-content-flex-start fusion-content-layout-column\"><h2 style=\"font-size: 24px !important;\">El Cl-Therm: un CLT aislante<\/h2><div class=\"fusion-separator fusion-full-width-sep\" style=\"align-self: center;margin-left: auto;margin-right: auto;margin-top:20px;width:100%;\"><\/div><\/div><\/div><\/div><\/div><div class=\"fusion-fullwidth fullwidth-box fusion-builder-row-12 fusion-flex-container nonhundred-percent-fullwidth non-hundred-percent-height-scrolling\" style=\"--awb-border-radius-top-left:0px;--awb-border-radius-top-right:0px;--awb-border-radius-bottom-right:0px;--awb-border-radius-bottom-left:0px;--awb-flex-wrap:wrap;\" ><div class=\"fusion-builder-row fusion-row fusion-flex-align-items-flex-start fusion-flex-content-wrap\" style=\"max-width:1144px;margin-left: calc(-4% \/ 2 );margin-right: calc(-4% \/ 2 );\"><div class=\"fusion-layout-column fusion_builder_column fusion-builder-column-17 fusion_builder_column_1_2 1_2 fusion-flex-column\" style=\"--awb-bg-size:cover;--awb-width-large:50%;--awb-margin-top-large:0px;--awb-spacing-right-large:3.84%;--awb-margin-bottom-large:20px;--awb-spacing-left-large:3.84%;--awb-width-medium:100%;--awb-order-medium:0;--awb-spacing-right-medium:1.92%;--awb-spacing-left-medium:1.92%;--awb-width-small:100%;--awb-order-small:0;--awb-spacing-right-small:1.92%;--awb-spacing-left-small:1.92%;\"><div class=\"fusion-column-wrapper fusion-column-has-shadow fusion-flex-justify-content-flex-start fusion-content-layout-column\"><div class=\"fusion-image-element \" style=\"--awb-caption-title-font-family:var(--h2_typography-font-family);--awb-caption-title-font-weight:var(--h2_typography-font-weight);--awb-caption-title-font-style:var(--h2_typography-font-style);--awb-caption-title-size:var(--h2_typography-font-size);--awb-caption-title-transform:var(--h2_typography-text-transform);--awb-caption-title-line-height:var(--h2_typography-line-height);--awb-caption-title-letter-spacing:var(--h2_typography-letter-spacing);\"><span class=\" fusion-imageframe imageframe-none imageframe-5 hover-type-none\"><a class=\"fusion-no-lightbox\" href=\"https:\/\/www.schilliger.fr\/wp-content\/uploads\/sites\/6\/2024\/04\/cl-therm-mur-structurel-isolant-panneaux-construire-en-clt-schilliger-bois.jpg\" target=\"_self\" aria-label=\"CL-Therm muro estructural aislante\"><img decoding=\"async\" width=\"1920\" height=\"1080\" alt=\"CL-Therm muro estructural aislante\" src=\"https:\/\/www.schilliger.fr\/wp-content\/uploads\/sites\/6\/2024\/04\/cl-therm-mur-structurel-isolant-panneaux-construire-en-clt-schilliger-bois.jpg\" class=\"img-responsive wp-image-5717\" srcset=\"https:\/\/www.schilliger.fr\/wp-content\/uploads\/sites\/6\/2024\/04\/cl-therm-mur-structurel-isolant-panneaux-construire-en-clt-schilliger-bois-200x113.jpg 200w, https:\/\/www.schilliger.fr\/wp-content\/uploads\/sites\/6\/2024\/04\/cl-therm-mur-structurel-isolant-panneaux-construire-en-clt-schilliger-bois-400x225.jpg 400w, https:\/\/www.schilliger.fr\/wp-content\/uploads\/sites\/6\/2024\/04\/cl-therm-mur-structurel-isolant-panneaux-construire-en-clt-schilliger-bois-600x338.jpg 600w, https:\/\/www.schilliger.fr\/wp-content\/uploads\/sites\/6\/2024\/04\/cl-therm-mur-structurel-isolant-panneaux-construire-en-clt-schilliger-bois-800x450.jpg 800w, https:\/\/www.schilliger.fr\/wp-content\/uploads\/sites\/6\/2024\/04\/cl-therm-mur-structurel-isolant-panneaux-construire-en-clt-schilliger-bois-1200x675.jpg 1200w, https:\/\/www.schilliger.fr\/wp-content\/uploads\/sites\/6\/2024\/04\/cl-therm-mur-structurel-isolant-panneaux-construire-en-clt-schilliger-bois.jpg 1920w\" sizes=\"(max-width: 1024px) 100vw, (max-width: 640px) 100vw, 600px\" \/><\/a><\/span><\/div><\/div><\/div><div class=\"fusion-layout-column fusion_builder_column fusion-builder-column-18 fusion_builder_column_1_2 1_2 fusion-flex-column\" style=\"--awb-bg-size:cover;--awb-width-large:50%;--awb-margin-top-large:0px;--awb-spacing-right-large:3.84%;--awb-margin-bottom-large:20px;--awb-spacing-left-large:3.84%;--awb-width-medium:100%;--awb-order-medium:0;--awb-spacing-right-medium:1.92%;--awb-spacing-left-medium:1.92%;--awb-width-small:100%;--awb-order-small:0;--awb-spacing-right-small:1.92%;--awb-spacing-left-small:1.92%;\"><div class=\"fusion-column-wrapper fusion-column-has-shadow fusion-flex-justify-content-flex-start fusion-content-layout-column\"><div class=\"fusion-text fusion-text-9\" style=\"--awb-text-transform:none;\"><p>CL-Therm es la evoluci\u00f3n natural del CLT (Cross Laminated Timber) tradicional, <strong>especialmente dise\u00f1ado para proyectos de construcci\u00f3n que requieren un alto rendimiento t\u00e9rmico y una integridad estructural<\/strong>. Nuestro producto consiste en paneles multicapa con bordes pegados, disponibles en varios formatos y grosores para satisfacer diferentes requisitos t\u00e9rmicos. Cada panel se calibra y lija sistem\u00e1ticamente para garantizar la m\u00e1s alta calidad. A pedido, el CL-Therm puede ser personalizado y tratado de diversas maneras, lo que lo convierte en una soluci\u00f3n flexible para una variedad de proyectos de construcci\u00f3n. Adem\u00e1s, est\u00e1n disponibles diferentes cualidades est\u00e9ticas que permiten la adaptaci\u00f3n visual seg\u00fan las especificaciones de dise\u00f1o. La certificaci\u00f3n de nuestro producto (evaluaci\u00f3n t\u00e9cnica y FDES) subraya la fiabilidad y sostenibilidad de CL-Therm.<\/p>\n<\/div><\/div><\/div><\/div><\/div><div class=\"fusion-fullwidth fullwidth-box fusion-builder-row-13 fusion-flex-container nonhundred-percent-fullwidth non-hundred-percent-height-scrolling\" style=\"--awb-border-radius-top-left:0px;--awb-border-radius-top-right:0px;--awb-border-radius-bottom-right:0px;--awb-border-radius-bottom-left:0px;--awb-flex-wrap:wrap;\" ><div class=\"fusion-builder-row fusion-row fusion-flex-align-items-flex-start fusion-flex-content-wrap\" style=\"max-width:1144px;margin-left: calc(-4% \/ 2 );margin-right: calc(-4% \/ 2 );\"><div class=\"fusion-layout-column fusion_builder_column fusion-builder-column-19 fusion_builder_column_1_2 1_2 fusion-flex-column\" style=\"--awb-bg-size:cover;--awb-width-large:50%;--awb-margin-top-large:0px;--awb-spacing-right-large:3.84%;--awb-margin-bottom-large:20px;--awb-spacing-left-large:3.84%;--awb-width-medium:100%;--awb-order-medium:0;--awb-spacing-right-medium:1.92%;--awb-spacing-left-medium:1.92%;--awb-width-small:100%;--awb-order-small:0;--awb-spacing-right-small:1.92%;--awb-spacing-left-small:1.92%;\"><div class=\"fusion-column-wrapper fusion-column-has-shadow fusion-flex-justify-content-flex-start fusion-content-layout-column\"><div class=\"fusion-separator fusion-full-width-sep\" style=\"align-self: center;margin-left: auto;margin-right: auto;margin-top:20px;width:100%;\"><\/div><div class=\"fusion-text fusion-text-10\" style=\"--awb-text-transform:none;\"><p>El uso de <a href=\"https:\/\/www.schilliger.fr\/es\/productos\/placas-cl-therm\/\">CL-Therm en sus proyectos<\/a> ofrece numerosas ventajas. La utilizaci\u00f3n optimizada de la madera y la reducci\u00f3n de herrajes y torniller\u00eda contribuyen a una construcci\u00f3n m\u00e1s sostenible. <strong>Gracias al sistema de aislamiento integrado, el tiempo de construcci\u00f3n se reduce considerablemente<\/strong>, ya que se pueden evitar medidas adicionales de aislamiento. Este innovador sistema de construcci\u00f3n de paredes no solo reduce la complejidad en el sitio de construcci\u00f3n, sino que tambi\u00e9n permite una finalizaci\u00f3n r\u00e1pida y eficiente de sus proyectos. El soporte t\u00e9cnico est\u00e1 disponible a pedido en cualquier momento. Fabricado en Francia con madera francesa, CL-Therm representa calidad y apoya la econom\u00eda local. Al elegir CL-Therm, por lo tanto, opta por un producto de construcci\u00f3n de alta calidad, sostenible y eficiente.<\/p>\n<\/div><\/div><\/div><div class=\"fusion-layout-column fusion_builder_column fusion-builder-column-20 fusion_builder_column_1_2 1_2 fusion-flex-column\" style=\"--awb-bg-size:cover;--awb-width-large:50%;--awb-margin-top-large:0px;--awb-spacing-right-large:3.84%;--awb-margin-bottom-large:20px;--awb-spacing-left-large:3.84%;--awb-width-medium:100%;--awb-order-medium:0;--awb-spacing-right-medium:1.92%;--awb-spacing-left-medium:1.92%;--awb-width-small:100%;--awb-order-small:0;--awb-spacing-right-small:1.92%;--awb-spacing-left-small:1.92%;\"><div class=\"fusion-column-wrapper fusion-column-has-shadow fusion-flex-justify-content-flex-start fusion-content-layout-column\"><div class=\"fusion-separator fusion-full-width-sep\" style=\"align-self: center;margin-left: auto;margin-right: auto;margin-top:20px;width:100%;\"><\/div><div class=\"fusion-image-element \" style=\"--awb-caption-title-font-family:var(--h2_typography-font-family);--awb-caption-title-font-weight:var(--h2_typography-font-weight);--awb-caption-title-font-style:var(--h2_typography-font-style);--awb-caption-title-size:var(--h2_typography-font-size);--awb-caption-title-transform:var(--h2_typography-text-transform);--awb-caption-title-line-height:var(--h2_typography-line-height);--awb-caption-title-letter-spacing:var(--h2_typography-letter-spacing);\"><span class=\" fusion-imageframe imageframe-none imageframe-6 hover-type-none\"><a class=\"fusion-no-lightbox\" href=\"https:\/\/www.schilliger.fr\/wp-content\/uploads\/sites\/6\/2024\/04\/cl-therm-produit-structurel-isolant-panneaux-construire-en-clt-schilliger-bois.jpg\" target=\"_self\" aria-label=\"CL-Therm producto estructural aislante\"><img decoding=\"async\" width=\"1920\" height=\"1080\" alt=\"CL-Therm producto estructural aislante\" src=\"https:\/\/www.schilliger.fr\/wp-content\/uploads\/sites\/6\/2024\/04\/cl-therm-produit-structurel-isolant-panneaux-construire-en-clt-schilliger-bois.jpg\" class=\"img-responsive wp-image-5743\" srcset=\"https:\/\/www.schilliger.fr\/wp-content\/uploads\/sites\/6\/2024\/04\/cl-therm-produit-structurel-isolant-panneaux-construire-en-clt-schilliger-bois-200x113.jpg 200w, https:\/\/www.schilliger.fr\/wp-content\/uploads\/sites\/6\/2024\/04\/cl-therm-produit-structurel-isolant-panneaux-construire-en-clt-schilliger-bois-400x225.jpg 400w, https:\/\/www.schilliger.fr\/wp-content\/uploads\/sites\/6\/2024\/04\/cl-therm-produit-structurel-isolant-panneaux-construire-en-clt-schilliger-bois-600x338.jpg 600w, https:\/\/www.schilliger.fr\/wp-content\/uploads\/sites\/6\/2024\/04\/cl-therm-produit-structurel-isolant-panneaux-construire-en-clt-schilliger-bois-800x450.jpg 800w, https:\/\/www.schilliger.fr\/wp-content\/uploads\/sites\/6\/2024\/04\/cl-therm-produit-structurel-isolant-panneaux-construire-en-clt-schilliger-bois-1200x675.jpg 1200w, https:\/\/www.schilliger.fr\/wp-content\/uploads\/sites\/6\/2024\/04\/cl-therm-produit-structurel-isolant-panneaux-construire-en-clt-schilliger-bois.jpg 1920w\" sizes=\"(max-width: 1024px) 100vw, (max-width: 640px) 100vw, 600px\" \/><\/a><\/span><\/div><\/div><\/div><\/div><\/div><div class=\"fusion-fullwidth fullwidth-box fusion-builder-row-14 fusion-flex-container nonhundred-percent-fullwidth non-hundred-percent-height-scrolling\" style=\"--awb-border-radius-top-left:0px;--awb-border-radius-top-right:0px;--awb-border-radius-bottom-right:0px;--awb-border-radius-bottom-left:0px;--awb-flex-wrap:wrap;\" ><div class=\"fusion-builder-row fusion-row fusion-flex-align-items-flex-start fusion-flex-content-wrap\" style=\"max-width:1144px;margin-left: calc(-4% \/ 2 );margin-right: calc(-4% \/ 2 );\"><div class=\"fusion-layout-column fusion_builder_column fusion-builder-column-21 fusion_builder_column_1_1 1_1 fusion-flex-column\" style=\"--awb-bg-size:cover;--awb-width-large:100%;--awb-margin-top-large:0px;--awb-spacing-right-large:1.92%;--awb-margin-bottom-large:20px;--awb-spacing-left-large:1.92%;--awb-width-medium:100%;--awb-order-medium:0;--awb-spacing-right-medium:1.92%;--awb-spacing-left-medium:1.92%;--awb-width-small:100%;--awb-order-small:0;--awb-spacing-right-small:1.92%;--awb-spacing-left-small:1.92%;\"><div class=\"fusion-column-wrapper fusion-column-has-shadow fusion-flex-justify-content-flex-start fusion-content-layout-column\"><div class=\"fusion-separator fusion-full-width-sep\" style=\"align-self: center;margin-left: auto;margin-right: auto;margin-top:20px;width:100%;\"><\/div><\/div><\/div><\/div><\/div><div class=\"fusion-fullwidth fullwidth-box fusion-builder-row-15 fusion-flex-container nonhundred-percent-fullwidth non-hundred-percent-height-scrolling\" style=\"--awb-border-radius-top-left:0px;--awb-border-radius-top-right:0px;--awb-border-radius-bottom-right:0px;--awb-border-radius-bottom-left:0px;--awb-flex-wrap:wrap;\" ><div class=\"fusion-builder-row fusion-row fusion-flex-align-items-flex-start fusion-flex-content-wrap\" style=\"max-width:1144px;margin-left: calc(-4% \/ 2 );margin-right: calc(-4% \/ 2 );\"><div class=\"fusion-layout-column fusion_builder_column fusion-builder-column-22 fusion_builder_column_1_1 1_1 fusion-flex-column\" style=\"--awb-bg-size:cover;--awb-width-large:100%;--awb-margin-top-large:0px;--awb-spacing-right-large:1.92%;--awb-margin-bottom-large:20px;--awb-spacing-left-large:1.92%;--awb-width-medium:100%;--awb-order-medium:0;--awb-spacing-right-medium:1.92%;--awb-spacing-left-medium:1.92%;--awb-width-small:100%;--awb-order-small:0;--awb-spacing-right-small:1.92%;--awb-spacing-left-small:1.92%;\"><div class=\"fusion-column-wrapper fusion-column-has-shadow fusion-flex-justify-content-flex-start fusion-content-layout-column\"><h2 style=\"font-size: 24px !important;\">CONSTRUIR EN CLT \u2013 MECANIZADO ET ENSAMBLAJE<\/h2><div class=\"fusion-separator fusion-full-width-sep\" style=\"align-self: center;margin-left: auto;margin-right: auto;margin-top:20px;width:100%;\"><\/div><\/div><\/div><\/div><\/div><div class=\"fusion-fullwidth fullwidth-box fusion-builder-row-16 fusion-flex-container nonhundred-percent-fullwidth non-hundred-percent-height-scrolling\" style=\"--awb-border-radius-top-left:0px;--awb-border-radius-top-right:0px;--awb-border-radius-bottom-right:0px;--awb-border-radius-bottom-left:0px;--awb-flex-wrap:wrap;\" ><div class=\"fusion-builder-row fusion-row fusion-flex-align-items-flex-start fusion-flex-content-wrap\" style=\"max-width:1144px;margin-left: calc(-4% \/ 2 );margin-right: calc(-4% \/ 2 );\"><div class=\"fusion-layout-column fusion_builder_column fusion-builder-column-23 fusion_builder_column_1_2 1_2 fusion-flex-column\" style=\"--awb-bg-size:cover;--awb-width-large:50%;--awb-margin-top-large:0px;--awb-spacing-right-large:3.84%;--awb-margin-bottom-large:20px;--awb-spacing-left-large:3.84%;--awb-width-medium:100%;--awb-order-medium:0;--awb-spacing-right-medium:1.92%;--awb-spacing-left-medium:1.92%;--awb-width-small:100%;--awb-order-small:0;--awb-spacing-right-small:1.92%;--awb-spacing-left-small:1.92%;\"><div class=\"fusion-column-wrapper fusion-column-has-shadow fusion-flex-justify-content-flex-start fusion-content-layout-column\"><div class=\"fusion-image-element \" style=\"--awb-caption-title-font-family:var(--h2_typography-font-family);--awb-caption-title-font-weight:var(--h2_typography-font-weight);--awb-caption-title-font-style:var(--h2_typography-font-style);--awb-caption-title-size:var(--h2_typography-font-size);--awb-caption-title-transform:var(--h2_typography-text-transform);--awb-caption-title-line-height:var(--h2_typography-line-height);--awb-caption-title-letter-spacing:var(--h2_typography-letter-spacing);\"><span class=\" fusion-imageframe imageframe-none imageframe-7 hover-type-none\"><a class=\"fusion-no-lightbox\" href=\"http:\/\/www.schilliger.fr\/wp-content\/uploads\/sites\/6\/2022\/03\/montage-pavillon-theatre-vidy-panneaux-construire-en-clt-schilliger-bois.jpg\" target=\"_blank\" aria-label=\"Montage du pavillon du th\u00e9\u00e2tre Vidy-Lausanne\" rel=\"noopener noreferrer\"><img decoding=\"async\" width=\"1920\" height=\"1080\" alt=\"Montage du pavillon du th\u00e9\u00e2tre Vidy-Lausanne\" src=\"http:\/\/www.schilliger.fr\/wp-content\/uploads\/sites\/6\/2022\/03\/montage-pavillon-theatre-vidy-panneaux-construire-en-clt-schilliger-bois.jpg\" class=\"img-responsive wp-image-4582\" srcset=\"https:\/\/www.schilliger.fr\/wp-content\/uploads\/sites\/6\/2022\/03\/montage-pavillon-theatre-vidy-panneaux-construire-en-clt-schilliger-bois-200x113.jpg 200w, https:\/\/www.schilliger.fr\/wp-content\/uploads\/sites\/6\/2022\/03\/montage-pavillon-theatre-vidy-panneaux-construire-en-clt-schilliger-bois-400x225.jpg 400w, https:\/\/www.schilliger.fr\/wp-content\/uploads\/sites\/6\/2022\/03\/montage-pavillon-theatre-vidy-panneaux-construire-en-clt-schilliger-bois-600x338.jpg 600w, https:\/\/www.schilliger.fr\/wp-content\/uploads\/sites\/6\/2022\/03\/montage-pavillon-theatre-vidy-panneaux-construire-en-clt-schilliger-bois-800x450.jpg 800w, https:\/\/www.schilliger.fr\/wp-content\/uploads\/sites\/6\/2022\/03\/montage-pavillon-theatre-vidy-panneaux-construire-en-clt-schilliger-bois-1200x675.jpg 1200w, https:\/\/www.schilliger.fr\/wp-content\/uploads\/sites\/6\/2022\/03\/montage-pavillon-theatre-vidy-panneaux-construire-en-clt-schilliger-bois.jpg 1920w\" sizes=\"(max-width: 1024px) 100vw, (max-width: 640px) 100vw, 600px\" \/><\/a><\/span><\/div><\/div><\/div><div class=\"fusion-layout-column fusion_builder_column fusion-builder-column-24 fusion_builder_column_1_2 1_2 fusion-flex-column\" style=\"--awb-bg-size:cover;--awb-width-large:50%;--awb-margin-top-large:0px;--awb-spacing-right-large:3.84%;--awb-margin-bottom-large:20px;--awb-spacing-left-large:3.84%;--awb-width-medium:100%;--awb-order-medium:0;--awb-spacing-right-medium:1.92%;--awb-spacing-left-medium:1.92%;--awb-width-small:100%;--awb-order-small:0;--awb-spacing-right-small:1.92%;--awb-spacing-left-small:1.92%;\"><div class=\"fusion-column-wrapper fusion-column-has-shadow fusion-flex-justify-content-flex-start fusion-content-layout-column\"><div class=\"fusion-text fusion-text-11\" style=\"--awb-text-transform:none;\"><p>El CLT Schilliger se entrega cortado a medida. Gracias a nuestro p\u00f3rtico de corte con control num\u00e9rico, podemos proponer diversos cortes o mecanizados con gran precisi\u00f3n. Esto para facilitar el montaje o proponer diferentes detalles arquitect\u00f3nicos (imagen: montaje del pabell\u00f3n del teatro Vidy- Lausana). Gracias a un amplio porta herramientas, se pueden realizar numerosos detalles. S\u00f3lo falta montar los distintos paneles de CLT Schilliger. En pocas horas, \u00a1aparece la estructura del edificio!<\/p>\n<\/div><\/div><\/div><\/div><\/div><div class=\"fusion-fullwidth fullwidth-box fusion-builder-row-17 fusion-flex-container nonhundred-percent-fullwidth non-hundred-percent-height-scrolling\" style=\"--awb-border-radius-top-left:0px;--awb-border-radius-top-right:0px;--awb-border-radius-bottom-right:0px;--awb-border-radius-bottom-left:0px;--awb-flex-wrap:wrap;\" ><div class=\"fusion-builder-row fusion-row fusion-flex-align-items-flex-start fusion-flex-content-wrap\" style=\"max-width:1144px;margin-left: calc(-4% \/ 2 );margin-right: calc(-4% \/ 2 );\"><div class=\"fusion-layout-column fusion_builder_column fusion-builder-column-25 fusion_builder_column_1_2 1_2 fusion-flex-column\" style=\"--awb-bg-size:cover;--awb-width-large:50%;--awb-margin-top-large:0px;--awb-spacing-right-large:3.84%;--awb-margin-bottom-large:20px;--awb-spacing-left-large:3.84%;--awb-width-medium:100%;--awb-order-medium:0;--awb-spacing-right-medium:1.92%;--awb-spacing-left-medium:1.92%;--awb-width-small:100%;--awb-order-small:0;--awb-spacing-right-small:1.92%;--awb-spacing-left-small:1.92%;\"><div class=\"fusion-column-wrapper fusion-column-has-shadow fusion-flex-justify-content-flex-start fusion-content-layout-column\"><div class=\"fusion-separator fusion-full-width-sep\" style=\"align-self: center;margin-left: auto;margin-right: auto;margin-top:20px;width:100%;\"><\/div><div class=\"fusion-text fusion-text-12\" style=\"--awb-text-transform:none;\"><p><strong>Tecnolog\u00eda de punta<\/strong><br \/>\nNuestra oficina t\u00e9cnica est\u00e1 a su servicio para permitir la realizaci\u00f3n de sus proyectos.<\/p>\n<\/div><\/div><\/div><div class=\"fusion-layout-column fusion_builder_column fusion-builder-column-26 fusion_builder_column_1_2 1_2 fusion-flex-column\" style=\"--awb-bg-size:cover;--awb-width-large:50%;--awb-margin-top-large:0px;--awb-spacing-right-large:3.84%;--awb-margin-bottom-large:20px;--awb-spacing-left-large:3.84%;--awb-width-medium:100%;--awb-order-medium:0;--awb-spacing-right-medium:1.92%;--awb-spacing-left-medium:1.92%;--awb-width-small:100%;--awb-order-small:0;--awb-spacing-right-small:1.92%;--awb-spacing-left-small:1.92%;\"><div class=\"fusion-column-wrapper fusion-column-has-shadow fusion-flex-justify-content-flex-start fusion-content-layout-column\"><div class=\"fusion-separator fusion-full-width-sep\" style=\"align-self: center;margin-left: auto;margin-right: auto;margin-top:20px;width:100%;\"><\/div><div class=\"fusion-image-element \" style=\"--awb-caption-title-font-family:var(--h2_typography-font-family);--awb-caption-title-font-weight:var(--h2_typography-font-weight);--awb-caption-title-font-style:var(--h2_typography-font-style);--awb-caption-title-size:var(--h2_typography-font-size);--awb-caption-title-transform:var(--h2_typography-text-transform);--awb-caption-title-line-height:var(--h2_typography-line-height);--awb-caption-title-letter-spacing:var(--h2_typography-letter-spacing);\"><span class=\" fusion-imageframe imageframe-none imageframe-8 hover-type-none\"><a class=\"fusion-no-lightbox\" href=\"http:\/\/www.schilliger.fr\/wp-content\/uploads\/sites\/6\/2022\/03\/details-complexes-panneaux-construire-en-clt-schilliger-bois.jpg\" target=\"_blank\" aria-label=\"R\u00e9alisation de d\u00e9tails et profils complexes en panneaux CLT\" rel=\"noopener noreferrer\"><img decoding=\"async\" width=\"1920\" height=\"1080\" alt=\"R\u00e9alisation de d\u00e9tails et profils complexes en panneaux CLT\" src=\"http:\/\/www.schilliger.fr\/wp-content\/uploads\/sites\/6\/2022\/03\/details-complexes-panneaux-construire-en-clt-schilliger-bois.jpg\" class=\"img-responsive wp-image-4583\" srcset=\"https:\/\/www.schilliger.fr\/wp-content\/uploads\/sites\/6\/2022\/03\/details-complexes-panneaux-construire-en-clt-schilliger-bois-200x113.jpg 200w, https:\/\/www.schilliger.fr\/wp-content\/uploads\/sites\/6\/2022\/03\/details-complexes-panneaux-construire-en-clt-schilliger-bois-400x225.jpg 400w, https:\/\/www.schilliger.fr\/wp-content\/uploads\/sites\/6\/2022\/03\/details-complexes-panneaux-construire-en-clt-schilliger-bois-600x338.jpg 600w, https:\/\/www.schilliger.fr\/wp-content\/uploads\/sites\/6\/2022\/03\/details-complexes-panneaux-construire-en-clt-schilliger-bois-800x450.jpg 800w, https:\/\/www.schilliger.fr\/wp-content\/uploads\/sites\/6\/2022\/03\/details-complexes-panneaux-construire-en-clt-schilliger-bois-1200x675.jpg 1200w, https:\/\/www.schilliger.fr\/wp-content\/uploads\/sites\/6\/2022\/03\/details-complexes-panneaux-construire-en-clt-schilliger-bois.jpg 1920w\" sizes=\"(max-width: 1024px) 100vw, (max-width: 640px) 100vw, 600px\" \/><\/a><\/span><\/div><\/div><\/div><\/div><\/div><div class=\"fusion-fullwidth fullwidth-box fusion-builder-row-18 fusion-flex-container nonhundred-percent-fullwidth non-hundred-percent-height-scrolling\" style=\"--awb-border-radius-top-left:0px;--awb-border-radius-top-right:0px;--awb-border-radius-bottom-right:0px;--awb-border-radius-bottom-left:0px;--awb-flex-wrap:wrap;\" ><div class=\"fusion-builder-row fusion-row fusion-flex-align-items-flex-start fusion-flex-content-wrap\" style=\"max-width:1144px;margin-left: calc(-4% \/ 2 );margin-right: calc(-4% \/ 2 );\"><div class=\"fusion-layout-column fusion_builder_column fusion-builder-column-27 fusion_builder_column_1_2 1_2 fusion-flex-column\" style=\"--awb-bg-size:cover;--awb-width-large:50%;--awb-margin-top-large:0px;--awb-spacing-right-large:3.84%;--awb-margin-bottom-large:20px;--awb-spacing-left-large:3.84%;--awb-width-medium:100%;--awb-order-medium:0;--awb-spacing-right-medium:1.92%;--awb-spacing-left-medium:1.92%;--awb-width-small:100%;--awb-order-small:0;--awb-spacing-right-small:1.92%;--awb-spacing-left-small:1.92%;\"><div class=\"fusion-column-wrapper fusion-column-has-shadow fusion-flex-justify-content-flex-start fusion-content-layout-column\"><div class=\"fusion-separator fusion-full-width-sep\" style=\"align-self: center;margin-left: auto;margin-right: auto;margin-top:20px;width:100%;\"><\/div><div class=\"fusion-text fusion-text-13\" style=\"--awb-text-transform:none;\"><p><strong>Seguridad en la obra<\/strong><br \/>\nPara una mayor seguridad y ahorrar tiempo en la obra, podemos realizar bajo petici\u00f3n los agujeros para izar los elementos durante el montaje. Tambi\u00e9n podemos proporcionar las fijaciones necesarias para la elevaci\u00f3n.<\/p>\n<\/div><\/div><\/div><div class=\"fusion-layout-column fusion_builder_column fusion-builder-column-28 fusion_builder_column_1_2 1_2 fusion-flex-column\" style=\"--awb-bg-size:cover;--awb-width-large:50%;--awb-margin-top-large:0px;--awb-spacing-right-large:3.84%;--awb-margin-bottom-large:20px;--awb-spacing-left-large:3.84%;--awb-width-medium:100%;--awb-order-medium:0;--awb-spacing-right-medium:1.92%;--awb-spacing-left-medium:1.92%;--awb-width-small:100%;--awb-order-small:0;--awb-spacing-right-small:1.92%;--awb-spacing-left-small:1.92%;\"><div class=\"fusion-column-wrapper fusion-column-has-shadow fusion-flex-justify-content-flex-start fusion-content-layout-column\"><div class=\"fusion-separator fusion-full-width-sep\" style=\"align-self: center;margin-left: auto;margin-right: auto;margin-top:20px;width:100%;\"><\/div><div class=\"fusion-image-element \" style=\"--awb-caption-title-font-family:var(--h2_typography-font-family);--awb-caption-title-font-weight:var(--h2_typography-font-weight);--awb-caption-title-font-style:var(--h2_typography-font-style);--awb-caption-title-size:var(--h2_typography-font-size);--awb-caption-title-transform:var(--h2_typography-text-transform);--awb-caption-title-line-height:var(--h2_typography-line-height);--awb-caption-title-letter-spacing:var(--h2_typography-letter-spacing);\"><span class=\" fusion-imageframe imageframe-none imageframe-9 hover-type-none\"><a class=\"fusion-no-lightbox\" href=\"http:\/\/www.schilliger.fr\/wp-content\/uploads\/sites\/6\/2022\/03\/montage-toiture-panneaux-construire-en-clt-schilliger-bois.jpg\" target=\"_blank\" aria-label=\"Montage d\u2019une toiture en panneaux CLT\" rel=\"noopener noreferrer\"><img decoding=\"async\" width=\"1920\" height=\"1080\" alt=\"Montage d\u2019une toiture en panneaux CLT\" src=\"http:\/\/www.schilliger.fr\/wp-content\/uploads\/sites\/6\/2022\/03\/montage-toiture-panneaux-construire-en-clt-schilliger-bois.jpg\" class=\"img-responsive wp-image-4584\" srcset=\"https:\/\/www.schilliger.fr\/wp-content\/uploads\/sites\/6\/2022\/03\/montage-toiture-panneaux-construire-en-clt-schilliger-bois-200x113.jpg 200w, https:\/\/www.schilliger.fr\/wp-content\/uploads\/sites\/6\/2022\/03\/montage-toiture-panneaux-construire-en-clt-schilliger-bois-400x225.jpg 400w, https:\/\/www.schilliger.fr\/wp-content\/uploads\/sites\/6\/2022\/03\/montage-toiture-panneaux-construire-en-clt-schilliger-bois-600x338.jpg 600w, https:\/\/www.schilliger.fr\/wp-content\/uploads\/sites\/6\/2022\/03\/montage-toiture-panneaux-construire-en-clt-schilliger-bois-800x450.jpg 800w, https:\/\/www.schilliger.fr\/wp-content\/uploads\/sites\/6\/2022\/03\/montage-toiture-panneaux-construire-en-clt-schilliger-bois-1200x675.jpg 1200w, https:\/\/www.schilliger.fr\/wp-content\/uploads\/sites\/6\/2022\/03\/montage-toiture-panneaux-construire-en-clt-schilliger-bois.jpg 1920w\" sizes=\"(max-width: 1024px) 100vw, (max-width: 640px) 100vw, 600px\" \/><\/a><\/span><\/div><\/div><\/div><\/div><\/div><div class=\"fusion-fullwidth fullwidth-box fusion-builder-row-19 fusion-flex-container nonhundred-percent-fullwidth non-hundred-percent-height-scrolling\" style=\"--awb-border-radius-top-left:0px;--awb-border-radius-top-right:0px;--awb-border-radius-bottom-right:0px;--awb-border-radius-bottom-left:0px;--awb-flex-wrap:wrap;\" ><div class=\"fusion-builder-row fusion-row fusion-flex-align-items-flex-start fusion-flex-content-wrap\" style=\"max-width:1144px;margin-left: calc(-4% \/ 2 );margin-right: calc(-4% \/ 2 );\"><div class=\"fusion-layout-column fusion_builder_column fusion-builder-column-29 fusion_builder_column_1_1 1_1 fusion-flex-column\" style=\"--awb-bg-size:cover;--awb-width-large:100%;--awb-margin-top-large:0px;--awb-spacing-right-large:1.92%;--awb-margin-bottom-large:20px;--awb-spacing-left-large:1.92%;--awb-width-medium:100%;--awb-order-medium:0;--awb-spacing-right-medium:1.92%;--awb-spacing-left-medium:1.92%;--awb-width-small:100%;--awb-order-small:0;--awb-spacing-right-small:1.92%;--awb-spacing-left-small:1.92%;\"><div class=\"fusion-column-wrapper fusion-column-has-shadow fusion-flex-justify-content-flex-start fusion-content-layout-column\"><div class=\"fusion-separator fusion-full-width-sep\" style=\"align-self: center;margin-left: auto;margin-right: auto;margin-top:20px;width:100%;\"><\/div><div class=\"fusion-text fusion-text-14\" style=\"--awb-text-transform:none;\"><p><strong>Diversidad de un \u00fanico socio<\/strong><br \/>\nAdem\u00e1s de las tablas de uni\u00f3n y las leng\u00fcetas entre los paneles CLT, tambi\u00e9n suministramos las vigas de madera laminada, mecanizadas o no: zapatas, postes, vigas KVH y todos los listones y contralistones. Al trabajar con un \u00fanico socio, ahorrar\u00e1 dinero optimizando el transporte, facilitando la log\u00edstica y limitando las fuentes de error.<\/p>\n<\/div><\/div><\/div><\/div><\/div><div class=\"fusion-fullwidth fullwidth-box fusion-builder-row-20 fusion-flex-container nonhundred-percent-fullwidth non-hundred-percent-height-scrolling\" style=\"--awb-border-radius-top-left:0px;--awb-border-radius-top-right:0px;--awb-border-radius-bottom-right:0px;--awb-border-radius-bottom-left:0px;--awb-flex-wrap:wrap;\" ><div class=\"fusion-builder-row fusion-row fusion-flex-align-items-flex-start fusion-flex-content-wrap\" style=\"max-width:1144px;margin-left: calc(-4% \/ 2 );margin-right: calc(-4% \/ 2 );\"><div class=\"fusion-layout-column fusion_builder_column fusion-builder-column-30 fusion_builder_column_1_1 1_1 fusion-flex-column\" style=\"--awb-bg-size:cover;--awb-width-large:100%;--awb-margin-top-large:0px;--awb-spacing-right-large:1.92%;--awb-margin-bottom-large:20px;--awb-spacing-left-large:1.92%;--awb-width-medium:100%;--awb-order-medium:0;--awb-spacing-right-medium:1.92%;--awb-spacing-left-medium:1.92%;--awb-width-small:100%;--awb-order-small:0;--awb-spacing-right-small:1.92%;--awb-spacing-left-small:1.92%;\"><div class=\"fusion-column-wrapper fusion-column-has-shadow fusion-flex-justify-content-flex-start fusion-content-layout-column\"><h2 style=\"font-size: 24px !important;\">EST\u00c1TICA DE LA MADERA CLT \u2013 CARACTER\u00cdSTICAS ESTRUCTURALES ADAPTADAS<\/h2><\/div><\/div><\/div><\/div><div class=\"fusion-fullwidth fullwidth-box fusion-builder-row-21 fusion-flex-container nonhundred-percent-fullwidth non-hundred-percent-height-scrolling\" style=\"--awb-border-radius-top-left:0px;--awb-border-radius-top-right:0px;--awb-border-radius-bottom-right:0px;--awb-border-radius-bottom-left:0px;--awb-flex-wrap:wrap;\" ><div class=\"fusion-builder-row fusion-row fusion-flex-align-items-flex-start fusion-flex-content-wrap\" style=\"max-width:1144px;margin-left: calc(-4% \/ 2 );margin-right: calc(-4% \/ 2 );\"><div class=\"fusion-layout-column fusion_builder_column fusion-builder-column-31 fusion_builder_column_1_2 1_2 fusion-flex-column\" style=\"--awb-bg-size:cover;--awb-width-large:50%;--awb-margin-top-large:0px;--awb-spacing-right-large:3.84%;--awb-margin-bottom-large:20px;--awb-spacing-left-large:3.84%;--awb-width-medium:100%;--awb-order-medium:0;--awb-spacing-right-medium:1.92%;--awb-spacing-left-medium:1.92%;--awb-width-small:100%;--awb-order-small:0;--awb-spacing-right-small:1.92%;--awb-spacing-left-small:1.92%;\"><div class=\"fusion-column-wrapper fusion-column-has-shadow fusion-flex-justify-content-flex-start fusion-content-layout-column\"><div class=\"fusion-image-element \" style=\"--awb-caption-title-font-family:var(--h2_typography-font-family);--awb-caption-title-font-weight:var(--h2_typography-font-weight);--awb-caption-title-font-style:var(--h2_typography-font-style);--awb-caption-title-size:var(--h2_typography-font-size);--awb-caption-title-transform:var(--h2_typography-text-transform);--awb-caption-title-line-height:var(--h2_typography-line-height);--awb-caption-title-letter-spacing:var(--h2_typography-letter-spacing);\"><span class=\" fusion-imageframe imageframe-none imageframe-10 hover-type-none\"><a class=\"fusion-no-lightbox\" href=\"http:\/\/www.schilliger.fr\/wp-content\/uploads\/sites\/6\/2022\/03\/construction-pont-panneaux-construire-en-clt-schilliger-bois.jpg\" target=\"_blank\" aria-label=\"Construction d&#8217;un pont avec plancher de pont en panneaux clt\" rel=\"noopener noreferrer\"><img decoding=\"async\" width=\"1920\" height=\"1080\" alt=\"Construction d&#039;un pont avec plancher de pont en panneaux clt\" src=\"http:\/\/www.schilliger.fr\/wp-content\/uploads\/sites\/6\/2022\/03\/construction-pont-panneaux-construire-en-clt-schilliger-bois.jpg\" class=\"img-responsive wp-image-4585\" srcset=\"https:\/\/www.schilliger.fr\/wp-content\/uploads\/sites\/6\/2022\/03\/construction-pont-panneaux-construire-en-clt-schilliger-bois-200x113.jpg 200w, https:\/\/www.schilliger.fr\/wp-content\/uploads\/sites\/6\/2022\/03\/construction-pont-panneaux-construire-en-clt-schilliger-bois-400x225.jpg 400w, https:\/\/www.schilliger.fr\/wp-content\/uploads\/sites\/6\/2022\/03\/construction-pont-panneaux-construire-en-clt-schilliger-bois-600x338.jpg 600w, https:\/\/www.schilliger.fr\/wp-content\/uploads\/sites\/6\/2022\/03\/construction-pont-panneaux-construire-en-clt-schilliger-bois-800x450.jpg 800w, https:\/\/www.schilliger.fr\/wp-content\/uploads\/sites\/6\/2022\/03\/construction-pont-panneaux-construire-en-clt-schilliger-bois-1200x675.jpg 1200w, https:\/\/www.schilliger.fr\/wp-content\/uploads\/sites\/6\/2022\/03\/construction-pont-panneaux-construire-en-clt-schilliger-bois.jpg 1920w\" sizes=\"(max-width: 1024px) 100vw, (max-width: 640px) 100vw, 600px\" \/><\/a><\/span><\/div><\/div><\/div><div class=\"fusion-layout-column fusion_builder_column fusion-builder-column-32 fusion_builder_column_1_2 1_2 fusion-flex-column\" style=\"--awb-bg-size:cover;--awb-width-large:50%;--awb-margin-top-large:0px;--awb-spacing-right-large:3.84%;--awb-margin-bottom-large:20px;--awb-spacing-left-large:3.84%;--awb-width-medium:100%;--awb-order-medium:0;--awb-spacing-right-medium:1.92%;--awb-spacing-left-medium:1.92%;--awb-width-small:100%;--awb-order-small:0;--awb-spacing-right-small:1.92%;--awb-spacing-left-small:1.92%;\"><div class=\"fusion-column-wrapper fusion-column-has-shadow fusion-flex-justify-content-flex-start fusion-content-layout-column\"><div class=\"fusion-text fusion-text-15\" style=\"--awb-text-transform:none;\"><p>El CLT es una soluci\u00f3n adaptada para diversos proyectos, desde casas unifamiliares hasta pisos de varias plantas, edificios de uso comercial y industrial, oficinas y almacenes. Su excelente relaci\u00f3n resistencia-peso tambi\u00e9n lo hace adecuado para las ampliaciones de edificios o la integraci\u00f3n de balcones. <strong>Al variar la orientaci\u00f3n, el n\u00famero y el grosor de las capas, las caracter\u00edsticas estructurales de cada panel de construcci\u00f3n multicapa pueden adaptarse a su utilizaci\u00f3n<\/strong> (imagen: construcci\u00f3n de un puente con forjado de panel CLT). De este modo, el panel CLT Schilliger puede utilizarse como muro de estructura portante, forjado, techo, cubierta, muro de refuerzo, elemento de forjado en caja, etc., y eso con caracter\u00edsticas \u00f3ptimas en cada caso.<\/p>\n<\/div><\/div><\/div><\/div><\/div><div class=\"fusion-fullwidth fullwidth-box fusion-builder-row-22 fusion-flex-container nonhundred-percent-fullwidth non-hundred-percent-height-scrolling\" style=\"--awb-border-radius-top-left:0px;--awb-border-radius-top-right:0px;--awb-border-radius-bottom-right:0px;--awb-border-radius-bottom-left:0px;--awb-flex-wrap:wrap;\" ><div class=\"fusion-builder-row fusion-row fusion-flex-align-items-flex-start fusion-flex-content-wrap\" style=\"max-width:1144px;margin-left: calc(-4% \/ 2 );margin-right: calc(-4% \/ 2 );\"><div class=\"fusion-layout-column fusion_builder_column fusion-builder-column-33 fusion_builder_column_1_2 1_2 fusion-flex-column\" style=\"--awb-bg-size:cover;--awb-width-large:50%;--awb-margin-top-large:0px;--awb-spacing-right-large:3.84%;--awb-margin-bottom-large:20px;--awb-spacing-left-large:3.84%;--awb-width-medium:100%;--awb-order-medium:0;--awb-spacing-right-medium:1.92%;--awb-spacing-left-medium:1.92%;--awb-width-small:100%;--awb-order-small:0;--awb-spacing-right-small:1.92%;--awb-spacing-left-small:1.92%;\"><div class=\"fusion-column-wrapper fusion-column-has-shadow fusion-flex-justify-content-flex-start fusion-content-layout-column\"><div class=\"fusion-separator fusion-full-width-sep\" style=\"align-self: center;margin-left: auto;margin-right: auto;margin-top:20px;width:100%;\"><\/div><div class=\"fusion-text fusion-text-16\" style=\"--awb-text-transform:none;\"><p><strong>Obra optimizada<\/strong><br \/>\nLos tableros encolados y cruzados entre los mismos confieren a los paneles de madera contralaminada CLT un alto grado de estabilidad dimensional. En casos especiales como voladizos en ambas direcciones o aberturas de gran dimensi\u00f3n, podemos mecanizar en taller para facilitar el montaje. Adem\u00e1s, la resistencia y la rigidez se maximizan cuando los paneles de CLT se entregan ya cortados a medida, lo que permite una r\u00e1pida instalaci\u00f3n sin tiempo de secado ni refuerzos adicionales para el montaje.<\/p>\n<\/div><\/div><\/div><div class=\"fusion-layout-column fusion_builder_column fusion-builder-column-34 fusion_builder_column_1_2 1_2 fusion-flex-column\" style=\"--awb-bg-size:cover;--awb-width-large:50%;--awb-margin-top-large:0px;--awb-spacing-right-large:3.84%;--awb-margin-bottom-large:20px;--awb-spacing-left-large:3.84%;--awb-width-medium:100%;--awb-order-medium:0;--awb-spacing-right-medium:1.92%;--awb-spacing-left-medium:1.92%;--awb-width-small:100%;--awb-order-small:0;--awb-spacing-right-small:1.92%;--awb-spacing-left-small:1.92%;\"><div class=\"fusion-column-wrapper fusion-column-has-shadow fusion-flex-justify-content-flex-start fusion-content-layout-column\"><div class=\"fusion-separator fusion-full-width-sep\" style=\"align-self: center;margin-left: auto;margin-right: auto;margin-top:20px;width:100%;\"><\/div><div class=\"fusion-image-element \" style=\"--awb-caption-title-font-family:var(--h2_typography-font-family);--awb-caption-title-font-weight:var(--h2_typography-font-weight);--awb-caption-title-font-style:var(--h2_typography-font-style);--awb-caption-title-size:var(--h2_typography-font-size);--awb-caption-title-transform:var(--h2_typography-text-transform);--awb-caption-title-line-height:var(--h2_typography-line-height);--awb-caption-title-letter-spacing:var(--h2_typography-letter-spacing);\"><span class=\" fusion-imageframe imageframe-none imageframe-11 hover-type-none\"><a class=\"fusion-no-lightbox\" href=\"http:\/\/www.schilliger.fr\/wp-content\/uploads\/sites\/6\/2022\/03\/montage-mur-clt-panneaux-construire-en-clt-schilliger-bois.jpg\" target=\"_blank\" aria-label=\"Montage rapide et pr\u00e9cis d\u2019un mur CLT (Triesen, Liechtenstein)\" rel=\"noopener noreferrer\"><img decoding=\"async\" width=\"1920\" height=\"1080\" alt=\"Montage rapide et pr\u00e9cis d\u2019un mur CLT (Triesen, Liechtenstein)\" src=\"http:\/\/www.schilliger.fr\/wp-content\/uploads\/sites\/6\/2022\/03\/montage-mur-clt-panneaux-construire-en-clt-schilliger-bois.jpg\" class=\"img-responsive wp-image-4586\" srcset=\"https:\/\/www.schilliger.fr\/wp-content\/uploads\/sites\/6\/2022\/03\/montage-mur-clt-panneaux-construire-en-clt-schilliger-bois-200x113.jpg 200w, https:\/\/www.schilliger.fr\/wp-content\/uploads\/sites\/6\/2022\/03\/montage-mur-clt-panneaux-construire-en-clt-schilliger-bois-400x225.jpg 400w, https:\/\/www.schilliger.fr\/wp-content\/uploads\/sites\/6\/2022\/03\/montage-mur-clt-panneaux-construire-en-clt-schilliger-bois-600x338.jpg 600w, https:\/\/www.schilliger.fr\/wp-content\/uploads\/sites\/6\/2022\/03\/montage-mur-clt-panneaux-construire-en-clt-schilliger-bois-800x450.jpg 800w, https:\/\/www.schilliger.fr\/wp-content\/uploads\/sites\/6\/2022\/03\/montage-mur-clt-panneaux-construire-en-clt-schilliger-bois-1200x675.jpg 1200w, https:\/\/www.schilliger.fr\/wp-content\/uploads\/sites\/6\/2022\/03\/montage-mur-clt-panneaux-construire-en-clt-schilliger-bois.jpg 1920w\" sizes=\"(max-width: 1024px) 100vw, (max-width: 640px) 100vw, 600px\" \/><\/a><\/span><\/div><\/div><\/div><\/div><\/div><div class=\"fusion-fullwidth fullwidth-box fusion-builder-row-23 fusion-flex-container nonhundred-percent-fullwidth non-hundred-percent-height-scrolling\" style=\"--awb-border-radius-top-left:0px;--awb-border-radius-top-right:0px;--awb-border-radius-bottom-right:0px;--awb-border-radius-bottom-left:0px;--awb-flex-wrap:wrap;\" ><div class=\"fusion-builder-row fusion-row fusion-flex-align-items-flex-start fusion-flex-content-wrap\" style=\"max-width:1144px;margin-left: calc(-4% \/ 2 );margin-right: calc(-4% \/ 2 );\"><div class=\"fusion-layout-column fusion_builder_column fusion-builder-column-35 fusion_builder_column_1_2 1_2 fusion-flex-column\" style=\"--awb-bg-size:cover;--awb-width-large:50%;--awb-margin-top-large:0px;--awb-spacing-right-large:3.84%;--awb-margin-bottom-large:20px;--awb-spacing-left-large:3.84%;--awb-width-medium:100%;--awb-order-medium:0;--awb-spacing-right-medium:1.92%;--awb-spacing-left-medium:1.92%;--awb-width-small:100%;--awb-order-small:0;--awb-spacing-right-small:1.92%;--awb-spacing-left-small:1.92%;\"><div class=\"fusion-column-wrapper fusion-column-has-shadow fusion-flex-justify-content-flex-start fusion-content-layout-column\"><div class=\"fusion-separator fusion-full-width-sep\" style=\"align-self: center;margin-left: auto;margin-right: auto;margin-top:20px;width:100%;\"><\/div><div class=\"fusion-text fusion-text-17\" style=\"--awb-text-transform:none;\"><p><strong>C\u00e1lculos est\u00e1ticos<\/strong><br \/>\nNuestra oficina t\u00e9cnica le asesora a lo largo de su proyecto y le ofrece un apoyo personalizado, desde el predimensionamiento hasta el montaje. Estamos equipados de diferentes softwares que son ampliamente utilizados en la construcci\u00f3n en madera: RFEM y RSTAB para el dimensionamiento, Cadwork para los dibujos en 2D y 3D. Tambi\u00e9n disponemos de un programa interno para los c\u00e1lculos est\u00e1ticos y de f\u00edsica de la construcci\u00f3n, seg\u00fan los Euroc\u00f3digos o las normas SIA. Este programa puede descargarse en nuestra p\u00e1gina web.<\/p>\n<\/div><\/div><\/div><div class=\"fusion-layout-column fusion_builder_column fusion-builder-column-36 fusion_builder_column_1_2 1_2 fusion-flex-column\" style=\"--awb-bg-size:cover;--awb-width-large:50%;--awb-margin-top-large:0px;--awb-spacing-right-large:3.84%;--awb-margin-bottom-large:20px;--awb-spacing-left-large:3.84%;--awb-width-medium:100%;--awb-order-medium:0;--awb-spacing-right-medium:1.92%;--awb-spacing-left-medium:1.92%;--awb-width-small:100%;--awb-order-small:0;--awb-spacing-right-small:1.92%;--awb-spacing-left-small:1.92%;\"><div class=\"fusion-column-wrapper fusion-column-has-shadow fusion-flex-justify-content-flex-start fusion-content-layout-column\"><div class=\"fusion-separator fusion-full-width-sep\" style=\"align-self: center;margin-left: auto;margin-right: auto;margin-top:20px;width:100%;\"><\/div><div class=\"fusion-image-element \" style=\"--awb-caption-title-font-family:var(--h2_typography-font-family);--awb-caption-title-font-weight:var(--h2_typography-font-weight);--awb-caption-title-font-style:var(--h2_typography-font-style);--awb-caption-title-size:var(--h2_typography-font-size);--awb-caption-title-transform:var(--h2_typography-text-transform);--awb-caption-title-line-height:var(--h2_typography-line-height);--awb-caption-title-letter-spacing:var(--h2_typography-letter-spacing);\"><span class=\" fusion-imageframe imageframe-none imageframe-12 hover-type-none\"><a class=\"fusion-no-lightbox\" href=\"http:\/\/www.schilliger.fr\/wp-content\/uploads\/sites\/6\/2022\/03\/calculs-statiques-panneaux-construire-en-clt-schilliger-bois.jpg\" target=\"_blank\" aria-label=\"Calculs statiques dans notre bureau d\u2019\u00e9tudes interne\" rel=\"noopener noreferrer\"><img decoding=\"async\" width=\"1920\" height=\"1080\" alt=\"Calculs statiques dans notre bureau d\u2019\u00e9tudes interne\" src=\"http:\/\/www.schilliger.fr\/wp-content\/uploads\/sites\/6\/2022\/03\/calculs-statiques-panneaux-construire-en-clt-schilliger-bois.jpg\" class=\"img-responsive wp-image-4587\" srcset=\"https:\/\/www.schilliger.fr\/wp-content\/uploads\/sites\/6\/2022\/03\/calculs-statiques-panneaux-construire-en-clt-schilliger-bois-200x113.jpg 200w, https:\/\/www.schilliger.fr\/wp-content\/uploads\/sites\/6\/2022\/03\/calculs-statiques-panneaux-construire-en-clt-schilliger-bois-400x225.jpg 400w, https:\/\/www.schilliger.fr\/wp-content\/uploads\/sites\/6\/2022\/03\/calculs-statiques-panneaux-construire-en-clt-schilliger-bois-600x338.jpg 600w, https:\/\/www.schilliger.fr\/wp-content\/uploads\/sites\/6\/2022\/03\/calculs-statiques-panneaux-construire-en-clt-schilliger-bois-800x450.jpg 800w, https:\/\/www.schilliger.fr\/wp-content\/uploads\/sites\/6\/2022\/03\/calculs-statiques-panneaux-construire-en-clt-schilliger-bois-1200x675.jpg 1200w, https:\/\/www.schilliger.fr\/wp-content\/uploads\/sites\/6\/2022\/03\/calculs-statiques-panneaux-construire-en-clt-schilliger-bois.jpg 1920w\" sizes=\"(max-width: 1024px) 100vw, (max-width: 640px) 100vw, 600px\" \/><\/a><\/span><\/div><\/div><\/div><\/div><\/div><div class=\"fusion-fullwidth fullwidth-box fusion-builder-row-24 fusion-flex-container nonhundred-percent-fullwidth non-hundred-percent-height-scrolling\" style=\"--awb-border-radius-top-left:0px;--awb-border-radius-top-right:0px;--awb-border-radius-bottom-right:0px;--awb-border-radius-bottom-left:0px;--awb-flex-wrap:wrap;\" ><div class=\"fusion-builder-row fusion-row fusion-flex-align-items-flex-start fusion-flex-content-wrap\" style=\"max-width:1144px;margin-left: calc(-4% \/ 2 );margin-right: calc(-4% \/ 2 );\"><div class=\"fusion-layout-column fusion_builder_column fusion-builder-column-37 fusion_builder_column_1_1 1_1 fusion-flex-column\" style=\"--awb-bg-size:cover;--awb-width-large:100%;--awb-margin-top-large:0px;--awb-spacing-right-large:1.92%;--awb-margin-bottom-large:20px;--awb-spacing-left-large:1.92%;--awb-width-medium:100%;--awb-order-medium:0;--awb-spacing-right-medium:1.92%;--awb-spacing-left-medium:1.92%;--awb-width-small:100%;--awb-order-small:0;--awb-spacing-right-small:1.92%;--awb-spacing-left-small:1.92%;\"><div class=\"fusion-column-wrapper fusion-column-has-shadow fusion-flex-justify-content-flex-start fusion-content-layout-column\"><div class=\"fusion-separator fusion-full-width-sep\" style=\"align-self: center;margin-left: auto;margin-right: auto;margin-top:20px;width:100%;\"><\/div><div class=\"fusion-text fusion-text-18\" style=\"--awb-text-transform:none;\"><p><strong>Numerosas estructuras<\/strong><br \/>\nGracias a sus propiedades estructurales y estabilidad dimensional, numerosas estructuras nuevas o ampliaciones pueden dise\u00f1arse en su totalidad en CLT. El uso de un \u00fanico material hace que el proyecto sea m\u00e1s claro, facilita la elaboraci\u00f3n de los detalles de construcci\u00f3n, reduce el n\u00famero de personas implicadas y la cantidad de transporte necesario. Adem\u00e1s, se reduce el tiempo de montaje y las molestias asociadas al ruido. Todo esto ahorra tiempo, dinero y errores en la obra.<\/p>\n<\/div><\/div><\/div><\/div><\/div><div class=\"fusion-fullwidth fullwidth-box fusion-builder-row-25 fusion-flex-container nonhundred-percent-fullwidth non-hundred-percent-height-scrolling\" style=\"--awb-border-radius-top-left:0px;--awb-border-radius-top-right:0px;--awb-border-radius-bottom-right:0px;--awb-border-radius-bottom-left:0px;--awb-flex-wrap:wrap;\" ><div class=\"fusion-builder-row fusion-row fusion-flex-align-items-flex-start fusion-flex-content-wrap\" style=\"max-width:1144px;margin-left: calc(-4% \/ 2 );margin-right: calc(-4% \/ 2 );\"><div class=\"fusion-layout-column fusion_builder_column fusion-builder-column-38 fusion_builder_column_1_1 1_1 fusion-flex-column\" style=\"--awb-bg-size:cover;--awb-width-large:100%;--awb-margin-top-large:0px;--awb-spacing-right-large:1.92%;--awb-margin-bottom-large:20px;--awb-spacing-left-large:1.92%;--awb-width-medium:100%;--awb-order-medium:0;--awb-spacing-right-medium:1.92%;--awb-spacing-left-medium:1.92%;--awb-width-small:100%;--awb-order-small:0;--awb-spacing-right-small:1.92%;--awb-spacing-left-small:1.92%;\"><div class=\"fusion-column-wrapper fusion-column-has-shadow fusion-flex-justify-content-flex-start fusion-content-layout-column\"><h2 style=\"font-size: 24px !important;\">PROPRIEDADES T\u00c9RMICAS DE LA MADERA CLT \u2013 BUEN COMPORTAMIENTO HIGROM\u00c9TRICO<\/h2><\/div><\/div><\/div><\/div><div class=\"fusion-fullwidth fullwidth-box fusion-builder-row-26 fusion-flex-container nonhundred-percent-fullwidth non-hundred-percent-height-scrolling\" style=\"--awb-border-radius-top-left:0px;--awb-border-radius-top-right:0px;--awb-border-radius-bottom-right:0px;--awb-border-radius-bottom-left:0px;--awb-flex-wrap:wrap;\" ><div class=\"fusion-builder-row fusion-row fusion-flex-align-items-flex-start fusion-flex-content-wrap\" style=\"max-width:1144px;margin-left: calc(-4% \/ 2 );margin-right: calc(-4% \/ 2 );\"><div class=\"fusion-layout-column fusion_builder_column fusion-builder-column-39 fusion_builder_column_1_2 1_2 fusion-flex-column\" style=\"--awb-bg-size:cover;--awb-width-large:50%;--awb-margin-top-large:0px;--awb-spacing-right-large:3.84%;--awb-margin-bottom-large:20px;--awb-spacing-left-large:3.84%;--awb-width-medium:100%;--awb-order-medium:0;--awb-spacing-right-medium:1.92%;--awb-spacing-left-medium:1.92%;--awb-width-small:100%;--awb-order-small:0;--awb-spacing-right-small:1.92%;--awb-spacing-left-small:1.92%;\"><div class=\"fusion-column-wrapper fusion-column-has-shadow fusion-flex-justify-content-flex-start fusion-content-layout-column\"><div class=\"fusion-image-element \" style=\"--awb-caption-title-font-family:var(--h2_typography-font-family);--awb-caption-title-font-weight:var(--h2_typography-font-weight);--awb-caption-title-font-style:var(--h2_typography-font-style);--awb-caption-title-size:var(--h2_typography-font-size);--awb-caption-title-transform:var(--h2_typography-text-transform);--awb-caption-title-line-height:var(--h2_typography-line-height);--awb-caption-title-letter-spacing:var(--h2_typography-letter-spacing);\"><span class=\" fusion-imageframe imageframe-none imageframe-13 hover-type-none\"><a class=\"fusion-no-lightbox\" href=\"http:\/\/www.schilliger.fr\/wp-content\/uploads\/sites\/6\/2022\/03\/isolation-exterieure-panneaux-construire-en-clt-schilliger-bois.jpg\" target=\"_blank\" aria-label=\"Panneaux-clt avec isolation ext\u00e9rieure \u2013 bon comportement thermique et hygrom\u00e9trique\" rel=\"noopener noreferrer\"><img decoding=\"async\" width=\"1920\" height=\"1080\" alt=\"Panneaux-clt avec isolation ext\u00e9rieure \u2013 bon comportement thermique et hygrom\u00e9trique\" src=\"http:\/\/www.schilliger.fr\/wp-content\/uploads\/sites\/6\/2022\/03\/isolation-exterieure-panneaux-construire-en-clt-schilliger-bois.jpg\" class=\"img-responsive wp-image-4588\" srcset=\"https:\/\/www.schilliger.fr\/wp-content\/uploads\/sites\/6\/2022\/03\/isolation-exterieure-panneaux-construire-en-clt-schilliger-bois-200x113.jpg 200w, https:\/\/www.schilliger.fr\/wp-content\/uploads\/sites\/6\/2022\/03\/isolation-exterieure-panneaux-construire-en-clt-schilliger-bois-400x225.jpg 400w, https:\/\/www.schilliger.fr\/wp-content\/uploads\/sites\/6\/2022\/03\/isolation-exterieure-panneaux-construire-en-clt-schilliger-bois-600x338.jpg 600w, https:\/\/www.schilliger.fr\/wp-content\/uploads\/sites\/6\/2022\/03\/isolation-exterieure-panneaux-construire-en-clt-schilliger-bois-800x450.jpg 800w, https:\/\/www.schilliger.fr\/wp-content\/uploads\/sites\/6\/2022\/03\/isolation-exterieure-panneaux-construire-en-clt-schilliger-bois-1200x675.jpg 1200w, https:\/\/www.schilliger.fr\/wp-content\/uploads\/sites\/6\/2022\/03\/isolation-exterieure-panneaux-construire-en-clt-schilliger-bois.jpg 1920w\" sizes=\"(max-width: 1024px) 100vw, (max-width: 640px) 100vw, 600px\" \/><\/a><\/span><\/div><\/div><\/div><div class=\"fusion-layout-column fusion_builder_column fusion-builder-column-40 fusion_builder_column_1_2 1_2 fusion-flex-column\" style=\"--awb-bg-size:cover;--awb-width-large:50%;--awb-margin-top-large:0px;--awb-spacing-right-large:3.84%;--awb-margin-bottom-large:20px;--awb-spacing-left-large:3.84%;--awb-width-medium:100%;--awb-order-medium:0;--awb-spacing-right-medium:1.92%;--awb-spacing-left-medium:1.92%;--awb-width-small:100%;--awb-order-small:0;--awb-spacing-right-small:1.92%;--awb-spacing-left-small:1.92%;\"><div class=\"fusion-column-wrapper fusion-column-has-shadow fusion-flex-justify-content-flex-start fusion-content-layout-column\"><div class=\"fusion-text fusion-text-19\" style=\"--awb-text-transform:none;\"><p>El CLT puede utilizarse como muro del per\u00edmetro exterior, muro interior, forjado, elemento de cubierta o soporte de estanquidad. <strong>Sus propiedades f\u00edsicas contribuyen al buen comportamiento t\u00e9rmico e higrom\u00e9trico del edificio<\/strong> (imagen: paneles de CLT con aislamiento exterior), siempre que se respeten ciertos sistemas constructivos en la composici\u00f3n de los muros y forjados.<\/p>\n<\/div><\/div><\/div><\/div><\/div><div class=\"fusion-fullwidth fullwidth-box fusion-builder-row-27 fusion-flex-container nonhundred-percent-fullwidth non-hundred-percent-height-scrolling\" style=\"--awb-border-radius-top-left:0px;--awb-border-radius-top-right:0px;--awb-border-radius-bottom-right:0px;--awb-border-radius-bottom-left:0px;--awb-flex-wrap:wrap;\" ><div class=\"fusion-builder-row fusion-row fusion-flex-align-items-flex-start fusion-flex-content-wrap\" style=\"max-width:1144px;margin-left: calc(-4% \/ 2 );margin-right: calc(-4% \/ 2 );\"><div class=\"fusion-layout-column fusion_builder_column fusion-builder-column-41 fusion_builder_column_1_2 1_2 fusion-flex-column\" style=\"--awb-bg-size:cover;--awb-width-large:50%;--awb-margin-top-large:0px;--awb-spacing-right-large:3.84%;--awb-margin-bottom-large:20px;--awb-spacing-left-large:3.84%;--awb-width-medium:100%;--awb-order-medium:0;--awb-spacing-right-medium:1.92%;--awb-spacing-left-medium:1.92%;--awb-width-small:100%;--awb-order-small:0;--awb-spacing-right-small:1.92%;--awb-spacing-left-small:1.92%;\"><div class=\"fusion-column-wrapper fusion-column-has-shadow fusion-flex-justify-content-flex-start fusion-content-layout-column\"><div class=\"fusion-separator fusion-full-width-sep\" style=\"align-self: center;margin-left: auto;margin-right: auto;margin-top:20px;width:100%;\"><\/div><div class=\"fusion-text fusion-text-20\" style=\"--awb-text-transform:none;\"><p><strong>Menos puentes t\u00e9rmicos<\/strong><br \/>\nGracias a su baja conductividad t\u00e9rmica, el CLT ayuda a reducir la transmitancia t\u00e9rmica (valor U) de paredes y cubiertas. La naturaleza monol\u00edtica del CLT, combinada con el aislamiento exterior continuo, reduce considerablemente los puentes t\u00e9rmicos, mientras que la elecci\u00f3n del aislamiento adecuado aumenta el desfase t\u00e9rmico del edificio, mejorando as\u00ed la comodidad. De este modo, el CLT facilita el cumplimiento de las normas y criterios energ\u00e9ticos para la obtenci\u00f3n de diversas etiquetas, como el BBC-Effinergie o Energie Carbono E+C-.<\/p>\n<\/div><\/div><\/div><div class=\"fusion-layout-column fusion_builder_column fusion-builder-column-42 fusion_builder_column_1_2 1_2 fusion-flex-column\" style=\"--awb-bg-size:cover;--awb-width-large:50%;--awb-margin-top-large:0px;--awb-spacing-right-large:3.84%;--awb-margin-bottom-large:20px;--awb-spacing-left-large:3.84%;--awb-width-medium:100%;--awb-order-medium:0;--awb-spacing-right-medium:1.92%;--awb-spacing-left-medium:1.92%;--awb-width-small:100%;--awb-order-small:0;--awb-spacing-right-small:1.92%;--awb-spacing-left-small:1.92%;\"><div class=\"fusion-column-wrapper fusion-column-has-shadow fusion-flex-justify-content-flex-start fusion-content-layout-column\"><div class=\"fusion-separator fusion-full-width-sep\" style=\"align-self: center;margin-left: auto;margin-right: auto;margin-top:20px;width:100%;\"><\/div><div class=\"fusion-image-element \" style=\"--awb-caption-title-font-family:var(--h2_typography-font-family);--awb-caption-title-font-weight:var(--h2_typography-font-weight);--awb-caption-title-font-style:var(--h2_typography-font-style);--awb-caption-title-size:var(--h2_typography-font-size);--awb-caption-title-transform:var(--h2_typography-text-transform);--awb-caption-title-line-height:var(--h2_typography-line-height);--awb-caption-title-letter-spacing:var(--h2_typography-letter-spacing);\"><span class=\" fusion-imageframe imageframe-none imageframe-14 hover-type-none\"><a class=\"fusion-no-lightbox\" href=\"http:\/\/www.schilliger.fr\/wp-content\/uploads\/sites\/6\/2022\/03\/isolation-exterieure-peripherique-panneaux-construire-en-clt-schilliger-bois.jpg\" target=\"_blank\" aria-label=\"B\u00e2timent avec isolation ext\u00e9rieure p\u00e9riph\u00e9rique (Lancaster, Royaume-Uni)\" rel=\"noopener noreferrer\"><img decoding=\"async\" width=\"1920\" height=\"1080\" alt=\"B\u00e2timent avec isolation ext\u00e9rieure p\u00e9riph\u00e9rique (Lancaster, Royaume-Uni)\" src=\"http:\/\/www.schilliger.fr\/wp-content\/uploads\/sites\/6\/2022\/03\/isolation-exterieure-peripherique-panneaux-construire-en-clt-schilliger-bois.jpg\" class=\"img-responsive wp-image-4589\" srcset=\"https:\/\/www.schilliger.fr\/wp-content\/uploads\/sites\/6\/2022\/03\/isolation-exterieure-peripherique-panneaux-construire-en-clt-schilliger-bois-200x113.jpg 200w, https:\/\/www.schilliger.fr\/wp-content\/uploads\/sites\/6\/2022\/03\/isolation-exterieure-peripherique-panneaux-construire-en-clt-schilliger-bois-400x225.jpg 400w, https:\/\/www.schilliger.fr\/wp-content\/uploads\/sites\/6\/2022\/03\/isolation-exterieure-peripherique-panneaux-construire-en-clt-schilliger-bois-600x338.jpg 600w, https:\/\/www.schilliger.fr\/wp-content\/uploads\/sites\/6\/2022\/03\/isolation-exterieure-peripherique-panneaux-construire-en-clt-schilliger-bois-800x450.jpg 800w, https:\/\/www.schilliger.fr\/wp-content\/uploads\/sites\/6\/2022\/03\/isolation-exterieure-peripherique-panneaux-construire-en-clt-schilliger-bois-1200x675.jpg 1200w, https:\/\/www.schilliger.fr\/wp-content\/uploads\/sites\/6\/2022\/03\/isolation-exterieure-peripherique-panneaux-construire-en-clt-schilliger-bois.jpg 1920w\" sizes=\"(max-width: 1024px) 100vw, (max-width: 640px) 100vw, 600px\" \/><\/a><\/span><\/div><\/div><\/div><\/div><\/div><div class=\"fusion-fullwidth fullwidth-box fusion-builder-row-28 fusion-flex-container nonhundred-percent-fullwidth non-hundred-percent-height-scrolling\" style=\"--awb-border-radius-top-left:0px;--awb-border-radius-top-right:0px;--awb-border-radius-bottom-right:0px;--awb-border-radius-bottom-left:0px;--awb-flex-wrap:wrap;\" ><div class=\"fusion-builder-row fusion-row fusion-flex-align-items-flex-start fusion-flex-content-wrap\" style=\"max-width:1144px;margin-left: calc(-4% \/ 2 );margin-right: calc(-4% \/ 2 );\"><div class=\"fusion-layout-column fusion_builder_column fusion-builder-column-43 fusion_builder_column_1_2 1_2 fusion-flex-column\" style=\"--awb-bg-size:cover;--awb-width-large:50%;--awb-margin-top-large:0px;--awb-spacing-right-large:3.84%;--awb-margin-bottom-large:20px;--awb-spacing-left-large:3.84%;--awb-width-medium:100%;--awb-order-medium:0;--awb-spacing-right-medium:1.92%;--awb-spacing-left-medium:1.92%;--awb-width-small:100%;--awb-order-small:0;--awb-spacing-right-small:1.92%;--awb-spacing-left-small:1.92%;\"><div class=\"fusion-column-wrapper fusion-column-has-shadow fusion-flex-justify-content-flex-start fusion-content-layout-column\"><div class=\"fusion-separator fusion-full-width-sep\" style=\"align-self: center;margin-left: auto;margin-right: auto;margin-top:20px;width:100%;\"><\/div><div class=\"fusion-text fusion-text-21\" style=\"--awb-text-transform:none;\"><p><strong>Mayor comodidad en el interior<\/strong><br \/>\nEl CLT es un material higrosc\u00f3pico. As\u00ed, regula la humedad ambiental y contribuye a la mejora de la comodidad del interior. Adem\u00e1s, el encolado lateral de las tablas mejora la estanqueidad al aire y la resistencia a la difusi\u00f3n del vapor de agua: el CLT es ideal para muros transpirables y t\u00e9rmicamente eficientes, adem\u00e1s, se reducen los problemas de condensaci\u00f3n.<\/p>\n<\/div><\/div><\/div><div class=\"fusion-layout-column fusion_builder_column fusion-builder-column-44 fusion_builder_column_1_2 1_2 fusion-flex-column\" style=\"--awb-bg-size:cover;--awb-width-large:50%;--awb-margin-top-large:0px;--awb-spacing-right-large:3.84%;--awb-margin-bottom-large:20px;--awb-spacing-left-large:3.84%;--awb-width-medium:100%;--awb-order-medium:0;--awb-spacing-right-medium:1.92%;--awb-spacing-left-medium:1.92%;--awb-width-small:100%;--awb-order-small:0;--awb-spacing-right-small:1.92%;--awb-spacing-left-small:1.92%;\"><div class=\"fusion-column-wrapper fusion-column-has-shadow fusion-flex-justify-content-flex-start fusion-content-layout-column\"><div class=\"fusion-separator fusion-full-width-sep\" style=\"align-self: center;margin-left: auto;margin-right: auto;margin-top:20px;width:100%;\"><\/div><div class=\"fusion-image-element \" style=\"--awb-caption-title-font-family:var(--h2_typography-font-family);--awb-caption-title-font-weight:var(--h2_typography-font-weight);--awb-caption-title-font-style:var(--h2_typography-font-style);--awb-caption-title-size:var(--h2_typography-font-size);--awb-caption-title-transform:var(--h2_typography-text-transform);--awb-caption-title-line-height:var(--h2_typography-line-height);--awb-caption-title-letter-spacing:var(--h2_typography-letter-spacing);\"><span class=\" fusion-imageframe imageframe-none imageframe-15 hover-type-none\"><a class=\"fusion-no-lightbox\" href=\"http:\/\/www.schilliger.fr\/wp-content\/uploads\/sites\/6\/2022\/03\/etancheite-des-joints-panneaux-construire-en-clt-schilliger-bois.jpg\" target=\"_blank\" aria-label=\"Etanch\u00e9it\u00e9 des joints entre panneaux CLT avant isolation\" rel=\"noopener noreferrer\"><img decoding=\"async\" width=\"1920\" height=\"1080\" alt=\"Etanch\u00e9it\u00e9 des joints entre panneaux CLT avant isolation\" src=\"http:\/\/www.schilliger.fr\/wp-content\/uploads\/sites\/6\/2022\/03\/etancheite-des-joints-panneaux-construire-en-clt-schilliger-bois.jpg\" class=\"img-responsive wp-image-4590\" srcset=\"https:\/\/www.schilliger.fr\/wp-content\/uploads\/sites\/6\/2022\/03\/etancheite-des-joints-panneaux-construire-en-clt-schilliger-bois-200x113.jpg 200w, https:\/\/www.schilliger.fr\/wp-content\/uploads\/sites\/6\/2022\/03\/etancheite-des-joints-panneaux-construire-en-clt-schilliger-bois-400x225.jpg 400w, https:\/\/www.schilliger.fr\/wp-content\/uploads\/sites\/6\/2022\/03\/etancheite-des-joints-panneaux-construire-en-clt-schilliger-bois-600x338.jpg 600w, https:\/\/www.schilliger.fr\/wp-content\/uploads\/sites\/6\/2022\/03\/etancheite-des-joints-panneaux-construire-en-clt-schilliger-bois-800x450.jpg 800w, https:\/\/www.schilliger.fr\/wp-content\/uploads\/sites\/6\/2022\/03\/etancheite-des-joints-panneaux-construire-en-clt-schilliger-bois-1200x675.jpg 1200w, https:\/\/www.schilliger.fr\/wp-content\/uploads\/sites\/6\/2022\/03\/etancheite-des-joints-panneaux-construire-en-clt-schilliger-bois.jpg 1920w\" sizes=\"(max-width: 1024px) 100vw, (max-width: 640px) 100vw, 600px\" \/><\/a><\/span><\/div><\/div><\/div><\/div><\/div><div class=\"fusion-fullwidth fullwidth-box fusion-builder-row-29 fusion-flex-container nonhundred-percent-fullwidth non-hundred-percent-height-scrolling\" style=\"--awb-border-radius-top-left:0px;--awb-border-radius-top-right:0px;--awb-border-radius-bottom-right:0px;--awb-border-radius-bottom-left:0px;--awb-flex-wrap:wrap;\" ><div class=\"fusion-builder-row fusion-row fusion-flex-align-items-flex-start fusion-flex-content-wrap\" style=\"max-width:1144px;margin-left: calc(-4% \/ 2 );margin-right: calc(-4% \/ 2 );\"><div class=\"fusion-layout-column fusion_builder_column fusion-builder-column-45 fusion_builder_column_1_1 1_1 fusion-flex-column\" style=\"--awb-bg-size:cover;--awb-width-large:100%;--awb-margin-top-large:0px;--awb-spacing-right-large:1.92%;--awb-margin-bottom-large:20px;--awb-spacing-left-large:1.92%;--awb-width-medium:100%;--awb-order-medium:0;--awb-spacing-right-medium:1.92%;--awb-spacing-left-medium:1.92%;--awb-width-small:100%;--awb-order-small:0;--awb-spacing-right-small:1.92%;--awb-spacing-left-small:1.92%;\"><div class=\"fusion-column-wrapper fusion-column-has-shadow fusion-flex-justify-content-flex-start fusion-content-layout-column\"><div class=\"fusion-separator fusion-full-width-sep\" style=\"align-self: center;margin-left: auto;margin-right: auto;margin-top:20px;width:100%;\"><\/div><h2 style=\"font-size: 24px !important;\">ARQUITECTURA \u2013 CLT DE MADERA MACIZA, UN MATERIAL MOLDEABLE<\/h2><\/div><\/div><\/div><\/div><div class=\"fusion-fullwidth fullwidth-box fusion-builder-row-30 fusion-flex-container nonhundred-percent-fullwidth non-hundred-percent-height-scrolling\" style=\"--awb-border-radius-top-left:0px;--awb-border-radius-top-right:0px;--awb-border-radius-bottom-right:0px;--awb-border-radius-bottom-left:0px;--awb-flex-wrap:wrap;\" ><div class=\"fusion-builder-row fusion-row fusion-flex-align-items-flex-start fusion-flex-content-wrap\" style=\"max-width:1144px;margin-left: calc(-4% \/ 2 );margin-right: calc(-4% \/ 2 );\"><div class=\"fusion-layout-column fusion_builder_column fusion-builder-column-46 fusion_builder_column_1_2 1_2 fusion-flex-column\" style=\"--awb-bg-size:cover;--awb-width-large:50%;--awb-margin-top-large:0px;--awb-spacing-right-large:3.84%;--awb-margin-bottom-large:20px;--awb-spacing-left-large:3.84%;--awb-width-medium:100%;--awb-order-medium:0;--awb-spacing-right-medium:1.92%;--awb-spacing-left-medium:1.92%;--awb-width-small:100%;--awb-order-small:0;--awb-spacing-right-small:1.92%;--awb-spacing-left-small:1.92%;\"><div class=\"fusion-column-wrapper fusion-column-has-shadow fusion-flex-justify-content-flex-start fusion-content-layout-column\"><div class=\"fusion-image-element \" style=\"--awb-caption-title-font-family:var(--h2_typography-font-family);--awb-caption-title-font-weight:var(--h2_typography-font-weight);--awb-caption-title-font-style:var(--h2_typography-font-style);--awb-caption-title-size:var(--h2_typography-font-size);--awb-caption-title-transform:var(--h2_typography-text-transform);--awb-caption-title-line-height:var(--h2_typography-line-height);--awb-caption-title-letter-spacing:var(--h2_typography-letter-spacing);\"><span class=\" fusion-imageframe imageframe-none imageframe-16 hover-type-none\"><a class=\"fusion-no-lightbox\" href=\"http:\/\/www.schilliger.fr\/wp-content\/uploads\/sites\/6\/2022\/03\/pavillon-theatre-vidy-lausanne-panneaux-construire-en-clt-schilliger-bois.jpg\" target=\"_blank\" aria-label=\"Pavillon du Th\u00e9\u00e2tre Vidy-Lausanne r\u00e9alis\u00e9 en panneaux clt\" rel=\"noopener noreferrer\"><img decoding=\"async\" width=\"1920\" height=\"1080\" alt=\"Pavillon du Th\u00e9\u00e2tre Vidy-Lausanne r\u00e9alis\u00e9 en panneaux clt\" src=\"http:\/\/www.schilliger.fr\/wp-content\/uploads\/sites\/6\/2022\/03\/pavillon-theatre-vidy-lausanne-panneaux-construire-en-clt-schilliger-bois.jpg\" class=\"img-responsive wp-image-4591\" srcset=\"https:\/\/www.schilliger.fr\/wp-content\/uploads\/sites\/6\/2022\/03\/pavillon-theatre-vidy-lausanne-panneaux-construire-en-clt-schilliger-bois-200x113.jpg 200w, https:\/\/www.schilliger.fr\/wp-content\/uploads\/sites\/6\/2022\/03\/pavillon-theatre-vidy-lausanne-panneaux-construire-en-clt-schilliger-bois-400x225.jpg 400w, https:\/\/www.schilliger.fr\/wp-content\/uploads\/sites\/6\/2022\/03\/pavillon-theatre-vidy-lausanne-panneaux-construire-en-clt-schilliger-bois-600x338.jpg 600w, https:\/\/www.schilliger.fr\/wp-content\/uploads\/sites\/6\/2022\/03\/pavillon-theatre-vidy-lausanne-panneaux-construire-en-clt-schilliger-bois-800x450.jpg 800w, https:\/\/www.schilliger.fr\/wp-content\/uploads\/sites\/6\/2022\/03\/pavillon-theatre-vidy-lausanne-panneaux-construire-en-clt-schilliger-bois-1200x675.jpg 1200w, https:\/\/www.schilliger.fr\/wp-content\/uploads\/sites\/6\/2022\/03\/pavillon-theatre-vidy-lausanne-panneaux-construire-en-clt-schilliger-bois.jpg 1920w\" sizes=\"(max-width: 1024px) 100vw, (max-width: 640px) 100vw, 600px\" \/><\/a><\/span><\/div><div class=\"fusion-separator fusion-full-width-sep\" style=\"align-self: center;margin-left: auto;margin-right: auto;margin-top:20px;width:100%;\"><\/div><\/div><\/div><div class=\"fusion-layout-column fusion_builder_column fusion-builder-column-47 fusion_builder_column_1_2 1_2 fusion-flex-column\" style=\"--awb-bg-size:cover;--awb-width-large:50%;--awb-margin-top-large:0px;--awb-spacing-right-large:3.84%;--awb-margin-bottom-large:20px;--awb-spacing-left-large:3.84%;--awb-width-medium:100%;--awb-order-medium:0;--awb-spacing-right-medium:1.92%;--awb-spacing-left-medium:1.92%;--awb-width-small:100%;--awb-order-small:0;--awb-spacing-right-small:1.92%;--awb-spacing-left-small:1.92%;\"><div class=\"fusion-column-wrapper fusion-column-has-shadow fusion-flex-justify-content-flex-start fusion-content-layout-column\"><div class=\"fusion-text fusion-text-22\" style=\"--awb-text-transform:none;\"><p>Por su aspecto c\u00e1lido, el CLT <strong>con sus notables caracter\u00edsticas estructurales tiene un peso reducido y es f\u00e1cil de mecanizar y instalar<\/strong>. El CLT, adem\u00e1s de ser utilizado en las nuevas construcciones modernas (imagen: pabell\u00f3n del teatro Vidy-Lausana), puede ser una soluci\u00f3n adecuada para la restauraci\u00f3n del patrimonio existente, la ampliaci\u00f3n de edificios, la rehabilitaci\u00f3n y la reestructuraci\u00f3n de espacios. Gracias a las numerosas ventajas del CLT, es f\u00e1cil de imaginar y recrear los vol\u00famenes existentes y dar una segunda vida a los edificios abandonados.<\/p>\n<\/div><div class=\"fusion-separator fusion-full-width-sep\" style=\"align-self: center;margin-left: auto;margin-right: auto;margin-top:20px;width:100%;\"><\/div><\/div><\/div><\/div><\/div><div class=\"fusion-fullwidth fullwidth-box fusion-builder-row-31 fusion-flex-container nonhundred-percent-fullwidth non-hundred-percent-height-scrolling\" style=\"--awb-border-radius-top-left:0px;--awb-border-radius-top-right:0px;--awb-border-radius-bottom-right:0px;--awb-border-radius-bottom-left:0px;--awb-flex-wrap:wrap;\" ><div class=\"fusion-builder-row fusion-row fusion-flex-align-items-flex-start fusion-flex-content-wrap\" style=\"max-width:1144px;margin-left: calc(-4% \/ 2 );margin-right: calc(-4% \/ 2 );\"><div class=\"fusion-layout-column fusion_builder_column fusion-builder-column-48 fusion_builder_column_1_2 1_2 fusion-flex-column\" style=\"--awb-bg-size:cover;--awb-width-large:50%;--awb-margin-top-large:0px;--awb-spacing-right-large:3.84%;--awb-margin-bottom-large:20px;--awb-spacing-left-large:3.84%;--awb-width-medium:100%;--awb-order-medium:0;--awb-spacing-right-medium:1.92%;--awb-spacing-left-medium:1.92%;--awb-width-small:100%;--awb-order-small:0;--awb-spacing-right-small:1.92%;--awb-spacing-left-small:1.92%;\"><div class=\"fusion-column-wrapper fusion-column-has-shadow fusion-flex-justify-content-flex-start fusion-content-layout-column\"><div class=\"fusion-separator fusion-full-width-sep\" style=\"align-self: center;margin-left: auto;margin-right: auto;margin-top:20px;width:100%;\"><\/div><div class=\"fusion-image-element \" style=\"--awb-caption-title-font-family:var(--h2_typography-font-family);--awb-caption-title-font-weight:var(--h2_typography-font-weight);--awb-caption-title-font-style:var(--h2_typography-font-style);--awb-caption-title-size:var(--h2_typography-font-size);--awb-caption-title-transform:var(--h2_typography-text-transform);--awb-caption-title-line-height:var(--h2_typography-line-height);--awb-caption-title-letter-spacing:var(--h2_typography-letter-spacing);\"><span class=\" fusion-imageframe imageframe-none imageframe-17 hover-type-none\"><a class=\"fusion-no-lightbox\" href=\"http:\/\/www.schilliger.fr\/wp-content\/uploads\/sites\/6\/2022\/03\/montage-cabane-du-mont-rose-panneaux-construire-en-clt-schilliger-bois.jpg\" target=\"_blank\" aria-label=\"Montage de la cabane du Mont Rose (Suisse)\" rel=\"noopener noreferrer\"><img decoding=\"async\" width=\"1920\" height=\"1080\" alt=\"Montage de la cabane du Mont Rose (Suisse)\" src=\"http:\/\/www.schilliger.fr\/wp-content\/uploads\/sites\/6\/2022\/03\/montage-cabane-du-mont-rose-panneaux-construire-en-clt-schilliger-bois.jpg\" class=\"img-responsive wp-image-4593\" srcset=\"https:\/\/www.schilliger.fr\/wp-content\/uploads\/sites\/6\/2022\/03\/montage-cabane-du-mont-rose-panneaux-construire-en-clt-schilliger-bois-200x113.jpg 200w, https:\/\/www.schilliger.fr\/wp-content\/uploads\/sites\/6\/2022\/03\/montage-cabane-du-mont-rose-panneaux-construire-en-clt-schilliger-bois-400x225.jpg 400w, https:\/\/www.schilliger.fr\/wp-content\/uploads\/sites\/6\/2022\/03\/montage-cabane-du-mont-rose-panneaux-construire-en-clt-schilliger-bois-600x338.jpg 600w, https:\/\/www.schilliger.fr\/wp-content\/uploads\/sites\/6\/2022\/03\/montage-cabane-du-mont-rose-panneaux-construire-en-clt-schilliger-bois-800x450.jpg 800w, https:\/\/www.schilliger.fr\/wp-content\/uploads\/sites\/6\/2022\/03\/montage-cabane-du-mont-rose-panneaux-construire-en-clt-schilliger-bois-1200x675.jpg 1200w, https:\/\/www.schilliger.fr\/wp-content\/uploads\/sites\/6\/2022\/03\/montage-cabane-du-mont-rose-panneaux-construire-en-clt-schilliger-bois.jpg 1920w\" sizes=\"(max-width: 1024px) 100vw, (max-width: 640px) 100vw, 600px\" \/><\/a><\/span><\/div><div class=\"fusion-text fusion-text-23\" style=\"--awb-text-transform:none;\"><p>Montaje del refugio del Mont Rose (Suiza)<\/p>\n<\/div><\/div><\/div><div class=\"fusion-layout-column fusion_builder_column fusion-builder-column-49 fusion_builder_column_1_2 1_2 fusion-flex-column\" style=\"--awb-bg-size:cover;--awb-width-large:50%;--awb-margin-top-large:0px;--awb-spacing-right-large:3.84%;--awb-margin-bottom-large:20px;--awb-spacing-left-large:3.84%;--awb-width-medium:100%;--awb-order-medium:0;--awb-spacing-right-medium:1.92%;--awb-spacing-left-medium:1.92%;--awb-width-small:100%;--awb-order-small:0;--awb-spacing-right-small:1.92%;--awb-spacing-left-small:1.92%;\"><div class=\"fusion-column-wrapper fusion-column-has-shadow fusion-flex-justify-content-flex-start fusion-content-layout-column\"><div class=\"fusion-separator fusion-full-width-sep\" style=\"align-self: center;margin-left: auto;margin-right: auto;margin-top:20px;width:100%;\"><\/div><div class=\"fusion-image-element \" style=\"--awb-caption-title-font-family:var(--h2_typography-font-family);--awb-caption-title-font-weight:var(--h2_typography-font-weight);--awb-caption-title-font-style:var(--h2_typography-font-style);--awb-caption-title-size:var(--h2_typography-font-size);--awb-caption-title-transform:var(--h2_typography-text-transform);--awb-caption-title-line-height:var(--h2_typography-line-height);--awb-caption-title-letter-spacing:var(--h2_typography-letter-spacing);\"><span class=\" fusion-imageframe imageframe-none imageframe-18 hover-type-none\"><a class=\"fusion-no-lightbox\" href=\"http:\/\/www.schilliger.fr\/wp-content\/uploads\/sites\/6\/2022\/03\/cabane-du-mont-rose-panneaux-construire-en-clt-schilliger-bois.jpg\" target=\"_blank\" aria-label=\"Cabane du Mont Rose (Suisse)\" rel=\"noopener noreferrer\"><img decoding=\"async\" width=\"1920\" height=\"1080\" alt=\"Cabane du Mont Rose (Suisse)\" src=\"http:\/\/www.schilliger.fr\/wp-content\/uploads\/sites\/6\/2022\/03\/cabane-du-mont-rose-panneaux-construire-en-clt-schilliger-bois.jpg\" class=\"img-responsive wp-image-4592\" srcset=\"https:\/\/www.schilliger.fr\/wp-content\/uploads\/sites\/6\/2022\/03\/cabane-du-mont-rose-panneaux-construire-en-clt-schilliger-bois-200x113.jpg 200w, https:\/\/www.schilliger.fr\/wp-content\/uploads\/sites\/6\/2022\/03\/cabane-du-mont-rose-panneaux-construire-en-clt-schilliger-bois-400x225.jpg 400w, https:\/\/www.schilliger.fr\/wp-content\/uploads\/sites\/6\/2022\/03\/cabane-du-mont-rose-panneaux-construire-en-clt-schilliger-bois-600x338.jpg 600w, https:\/\/www.schilliger.fr\/wp-content\/uploads\/sites\/6\/2022\/03\/cabane-du-mont-rose-panneaux-construire-en-clt-schilliger-bois-800x450.jpg 800w, https:\/\/www.schilliger.fr\/wp-content\/uploads\/sites\/6\/2022\/03\/cabane-du-mont-rose-panneaux-construire-en-clt-schilliger-bois-1200x675.jpg 1200w, https:\/\/www.schilliger.fr\/wp-content\/uploads\/sites\/6\/2022\/03\/cabane-du-mont-rose-panneaux-construire-en-clt-schilliger-bois.jpg 1920w\" sizes=\"(max-width: 1024px) 100vw, (max-width: 640px) 100vw, 600px\" \/><\/a><\/span><\/div><div class=\"fusion-text fusion-text-24\" style=\"--awb-text-transform:none;\"><p>Refugio del Mont Rose (Suiza)<\/p>\n<\/div><\/div><\/div><\/div><\/div><div class=\"fusion-fullwidth fullwidth-box fusion-builder-row-32 fusion-flex-container nonhundred-percent-fullwidth non-hundred-percent-height-scrolling\" style=\"--awb-border-radius-top-left:0px;--awb-border-radius-top-right:0px;--awb-border-radius-bottom-right:0px;--awb-border-radius-bottom-left:0px;--awb-flex-wrap:wrap;\" ><div class=\"fusion-builder-row fusion-row fusion-flex-align-items-flex-start fusion-flex-content-wrap\" style=\"max-width:1144px;margin-left: calc(-4% \/ 2 );margin-right: calc(-4% \/ 2 );\"><div class=\"fusion-layout-column fusion_builder_column fusion-builder-column-50 fusion_builder_column_1_2 1_2 fusion-flex-column\" style=\"--awb-bg-size:cover;--awb-width-large:50%;--awb-margin-top-large:0px;--awb-spacing-right-large:3.84%;--awb-margin-bottom-large:20px;--awb-spacing-left-large:3.84%;--awb-width-medium:100%;--awb-order-medium:0;--awb-spacing-right-medium:1.92%;--awb-spacing-left-medium:1.92%;--awb-width-small:100%;--awb-order-small:0;--awb-spacing-right-small:1.92%;--awb-spacing-left-small:1.92%;\"><div class=\"fusion-column-wrapper fusion-column-has-shadow fusion-flex-justify-content-flex-start fusion-content-layout-column\"><div class=\"fusion-separator fusion-full-width-sep\" style=\"align-self: center;margin-left: auto;margin-right: auto;margin-top:20px;width:100%;\"><\/div><div class=\"fusion-image-element \" style=\"--awb-caption-title-font-family:var(--h2_typography-font-family);--awb-caption-title-font-weight:var(--h2_typography-font-weight);--awb-caption-title-font-style:var(--h2_typography-font-style);--awb-caption-title-size:var(--h2_typography-font-size);--awb-caption-title-transform:var(--h2_typography-text-transform);--awb-caption-title-line-height:var(--h2_typography-line-height);--awb-caption-title-letter-spacing:var(--h2_typography-letter-spacing);\"><span class=\" fusion-imageframe imageframe-none imageframe-19 hover-type-none\"><a class=\"fusion-no-lightbox\" href=\"http:\/\/www.schilliger.fr\/wp-content\/uploads\/sites\/6\/2022\/03\/montage-maison-architecte-panneaux-construire-en-clt-schilliger-bois.jpg\" target=\"_blank\" aria-label=\"Montage d&#8217; une maison d\u2018architecte (Puligny-Montrachet, France)\" rel=\"noopener noreferrer\"><img decoding=\"async\" width=\"1920\" height=\"1080\" alt=\"Montage d&#039; une maison d\u2018architecte (Puligny-Montrachet, France)\" src=\"http:\/\/www.schilliger.fr\/wp-content\/uploads\/sites\/6\/2022\/03\/montage-maison-architecte-panneaux-construire-en-clt-schilliger-bois.jpg\" class=\"img-responsive wp-image-4595\" srcset=\"https:\/\/www.schilliger.fr\/wp-content\/uploads\/sites\/6\/2022\/03\/montage-maison-architecte-panneaux-construire-en-clt-schilliger-bois-200x113.jpg 200w, https:\/\/www.schilliger.fr\/wp-content\/uploads\/sites\/6\/2022\/03\/montage-maison-architecte-panneaux-construire-en-clt-schilliger-bois-400x225.jpg 400w, https:\/\/www.schilliger.fr\/wp-content\/uploads\/sites\/6\/2022\/03\/montage-maison-architecte-panneaux-construire-en-clt-schilliger-bois-600x338.jpg 600w, https:\/\/www.schilliger.fr\/wp-content\/uploads\/sites\/6\/2022\/03\/montage-maison-architecte-panneaux-construire-en-clt-schilliger-bois-800x450.jpg 800w, https:\/\/www.schilliger.fr\/wp-content\/uploads\/sites\/6\/2022\/03\/montage-maison-architecte-panneaux-construire-en-clt-schilliger-bois-1200x675.jpg 1200w, https:\/\/www.schilliger.fr\/wp-content\/uploads\/sites\/6\/2022\/03\/montage-maison-architecte-panneaux-construire-en-clt-schilliger-bois.jpg 1920w\" sizes=\"(max-width: 1024px) 100vw, (max-width: 640px) 100vw, 600px\" \/><\/a><\/span><\/div><div class=\"fusion-text fusion-text-25\" style=\"--awb-text-transform:none;\"><p>Montaje de una casa de arquitecto (Puligny-Montrachet, Francia)<\/p>\n<\/div><\/div><\/div><div class=\"fusion-layout-column fusion_builder_column fusion-builder-column-51 fusion_builder_column_1_2 1_2 fusion-flex-column\" style=\"--awb-bg-size:cover;--awb-width-large:50%;--awb-margin-top-large:0px;--awb-spacing-right-large:3.84%;--awb-margin-bottom-large:20px;--awb-spacing-left-large:3.84%;--awb-width-medium:100%;--awb-order-medium:0;--awb-spacing-right-medium:1.92%;--awb-spacing-left-medium:1.92%;--awb-width-small:100%;--awb-order-small:0;--awb-spacing-right-small:1.92%;--awb-spacing-left-small:1.92%;\"><div class=\"fusion-column-wrapper fusion-column-has-shadow fusion-flex-justify-content-flex-start fusion-content-layout-column\"><div class=\"fusion-separator fusion-full-width-sep\" style=\"align-self: center;margin-left: auto;margin-right: auto;margin-top:20px;width:100%;\"><\/div><div class=\"fusion-image-element \" style=\"--awb-caption-title-font-family:var(--h2_typography-font-family);--awb-caption-title-font-weight:var(--h2_typography-font-weight);--awb-caption-title-font-style:var(--h2_typography-font-style);--awb-caption-title-size:var(--h2_typography-font-size);--awb-caption-title-transform:var(--h2_typography-text-transform);--awb-caption-title-line-height:var(--h2_typography-line-height);--awb-caption-title-letter-spacing:var(--h2_typography-letter-spacing);\"><span class=\" fusion-imageframe imageframe-none imageframe-20 hover-type-none\"><a class=\"fusion-no-lightbox\" href=\"http:\/\/www.schilliger.fr\/wp-content\/uploads\/sites\/6\/2022\/03\/maison-architecte-panneaux-construire-en-clt-schilliger-bois.jpg\" target=\"_blank\" aria-label=\"Maison d\u2018architecte (Puligny-Montrachet, France)\" rel=\"noopener noreferrer\"><img decoding=\"async\" width=\"1920\" height=\"1080\" alt=\"Maison d\u2018architecte (Puligny-Montrachet, France)\" src=\"http:\/\/www.schilliger.fr\/wp-content\/uploads\/sites\/6\/2022\/03\/maison-architecte-panneaux-construire-en-clt-schilliger-bois.jpg\" class=\"img-responsive wp-image-4594\" srcset=\"https:\/\/www.schilliger.fr\/wp-content\/uploads\/sites\/6\/2022\/03\/maison-architecte-panneaux-construire-en-clt-schilliger-bois-200x113.jpg 200w, https:\/\/www.schilliger.fr\/wp-content\/uploads\/sites\/6\/2022\/03\/maison-architecte-panneaux-construire-en-clt-schilliger-bois-400x225.jpg 400w, https:\/\/www.schilliger.fr\/wp-content\/uploads\/sites\/6\/2022\/03\/maison-architecte-panneaux-construire-en-clt-schilliger-bois-600x338.jpg 600w, https:\/\/www.schilliger.fr\/wp-content\/uploads\/sites\/6\/2022\/03\/maison-architecte-panneaux-construire-en-clt-schilliger-bois-800x450.jpg 800w, https:\/\/www.schilliger.fr\/wp-content\/uploads\/sites\/6\/2022\/03\/maison-architecte-panneaux-construire-en-clt-schilliger-bois-1200x675.jpg 1200w, https:\/\/www.schilliger.fr\/wp-content\/uploads\/sites\/6\/2022\/03\/maison-architecte-panneaux-construire-en-clt-schilliger-bois.jpg 1920w\" sizes=\"(max-width: 1024px) 100vw, (max-width: 640px) 100vw, 600px\" \/><\/a><\/span><\/div><div class=\"fusion-text fusion-text-26\" style=\"--awb-text-transform:none;\"><p>Casa de arquitecto (Puligny-Montrachet, Francia)<\/p>\n<\/div><\/div><\/div><\/div><\/div><div class=\"fusion-fullwidth fullwidth-box fusion-builder-row-33 fusion-flex-container nonhundred-percent-fullwidth non-hundred-percent-height-scrolling\" style=\"--awb-border-radius-top-left:0px;--awb-border-radius-top-right:0px;--awb-border-radius-bottom-right:0px;--awb-border-radius-bottom-left:0px;--awb-flex-wrap:wrap;\" ><div class=\"fusion-builder-row fusion-row fusion-flex-align-items-flex-start fusion-flex-content-wrap\" style=\"max-width:1144px;margin-left: calc(-4% \/ 2 );margin-right: calc(-4% \/ 2 );\"><div class=\"fusion-layout-column fusion_builder_column fusion-builder-column-52 fusion_builder_column_1_2 1_2 fusion-flex-column\" style=\"--awb-bg-size:cover;--awb-width-large:50%;--awb-margin-top-large:0px;--awb-spacing-right-large:3.84%;--awb-margin-bottom-large:20px;--awb-spacing-left-large:3.84%;--awb-width-medium:100%;--awb-order-medium:0;--awb-spacing-right-medium:1.92%;--awb-spacing-left-medium:1.92%;--awb-width-small:100%;--awb-order-small:0;--awb-spacing-right-small:1.92%;--awb-spacing-left-small:1.92%;\"><div class=\"fusion-column-wrapper fusion-column-has-shadow fusion-flex-justify-content-flex-start fusion-content-layout-column\"><div class=\"fusion-separator fusion-full-width-sep\" style=\"align-self: center;margin-left: auto;margin-right: auto;margin-top:20px;width:100%;\"><\/div><div class=\"fusion-image-element \" style=\"--awb-caption-title-font-family:var(--h2_typography-font-family);--awb-caption-title-font-weight:var(--h2_typography-font-weight);--awb-caption-title-font-style:var(--h2_typography-font-style);--awb-caption-title-size:var(--h2_typography-font-size);--awb-caption-title-transform:var(--h2_typography-text-transform);--awb-caption-title-line-height:var(--h2_typography-line-height);--awb-caption-title-letter-spacing:var(--h2_typography-letter-spacing);\"><span class=\" fusion-imageframe imageframe-none imageframe-21 hover-type-none\"><a class=\"fusion-no-lightbox\" href=\"http:\/\/www.schilliger.fr\/wp-content\/uploads\/sites\/6\/2022\/03\/montage-maison-individuelle-panneaux-construire-en-clt-schilliger-bois.jpg\" target=\"_blank\" aria-label=\"Montage d&#8217; une maison individuelle en front de mer (Thorpeness, Royaume-Uni)\" rel=\"noopener noreferrer\"><img decoding=\"async\" width=\"1920\" height=\"1080\" alt=\"Montage d&#039; une maison individuelle en front de mer (Thorpeness, Royaume-Uni)\" src=\"http:\/\/www.schilliger.fr\/wp-content\/uploads\/sites\/6\/2022\/03\/montage-maison-individuelle-panneaux-construire-en-clt-schilliger-bois.jpg\" class=\"img-responsive wp-image-4597\" srcset=\"https:\/\/www.schilliger.fr\/wp-content\/uploads\/sites\/6\/2022\/03\/montage-maison-individuelle-panneaux-construire-en-clt-schilliger-bois-200x113.jpg 200w, https:\/\/www.schilliger.fr\/wp-content\/uploads\/sites\/6\/2022\/03\/montage-maison-individuelle-panneaux-construire-en-clt-schilliger-bois-400x225.jpg 400w, https:\/\/www.schilliger.fr\/wp-content\/uploads\/sites\/6\/2022\/03\/montage-maison-individuelle-panneaux-construire-en-clt-schilliger-bois-600x338.jpg 600w, https:\/\/www.schilliger.fr\/wp-content\/uploads\/sites\/6\/2022\/03\/montage-maison-individuelle-panneaux-construire-en-clt-schilliger-bois-800x450.jpg 800w, https:\/\/www.schilliger.fr\/wp-content\/uploads\/sites\/6\/2022\/03\/montage-maison-individuelle-panneaux-construire-en-clt-schilliger-bois-1200x675.jpg 1200w, https:\/\/www.schilliger.fr\/wp-content\/uploads\/sites\/6\/2022\/03\/montage-maison-individuelle-panneaux-construire-en-clt-schilliger-bois.jpg 1920w\" sizes=\"(max-width: 1024px) 100vw, (max-width: 640px) 100vw, 600px\" \/><\/a><\/span><\/div><div class=\"fusion-text fusion-text-27\" style=\"--awb-text-transform:none;\"><p>Construcci\u00f3n de una vivienda unifamiliar en primera l\u00ednea de mar (Thorpeness, Reino-Unido)<\/p>\n<\/div><\/div><\/div><div class=\"fusion-layout-column fusion_builder_column fusion-builder-column-53 fusion_builder_column_1_2 1_2 fusion-flex-column\" style=\"--awb-bg-size:cover;--awb-width-large:50%;--awb-margin-top-large:0px;--awb-spacing-right-large:3.84%;--awb-margin-bottom-large:20px;--awb-spacing-left-large:3.84%;--awb-width-medium:100%;--awb-order-medium:0;--awb-spacing-right-medium:1.92%;--awb-spacing-left-medium:1.92%;--awb-width-small:100%;--awb-order-small:0;--awb-spacing-right-small:1.92%;--awb-spacing-left-small:1.92%;\"><div class=\"fusion-column-wrapper fusion-column-has-shadow fusion-flex-justify-content-flex-start fusion-content-layout-column\"><div class=\"fusion-separator fusion-full-width-sep\" style=\"align-self: center;margin-left: auto;margin-right: auto;margin-top:20px;width:100%;\"><\/div><div class=\"fusion-image-element \" style=\"--awb-caption-title-font-family:var(--h2_typography-font-family);--awb-caption-title-font-weight:var(--h2_typography-font-weight);--awb-caption-title-font-style:var(--h2_typography-font-style);--awb-caption-title-size:var(--h2_typography-font-size);--awb-caption-title-transform:var(--h2_typography-text-transform);--awb-caption-title-line-height:var(--h2_typography-line-height);--awb-caption-title-letter-spacing:var(--h2_typography-letter-spacing);\"><span class=\" fusion-imageframe imageframe-none imageframe-22 hover-type-none\"><a class=\"fusion-no-lightbox\" href=\"http:\/\/www.schilliger.fr\/wp-content\/uploads\/sites\/6\/2022\/03\/maison-individuelle-panneaux-construire-en-clt-schilliger-bois.jpg\" target=\"_blank\" aria-label=\"Maison individuelle construite en panneaux clt en front de mer (Thorpeness, Royaume-Uni)\" rel=\"noopener noreferrer\"><img decoding=\"async\" width=\"1920\" height=\"1080\" alt=\"Maison individuelle construite en panneaux clt en front de mer (Thorpeness, Royaume-Uni)\" src=\"http:\/\/www.schilliger.fr\/wp-content\/uploads\/sites\/6\/2022\/03\/maison-individuelle-panneaux-construire-en-clt-schilliger-bois.jpg\" class=\"img-responsive wp-image-4596\" srcset=\"https:\/\/www.schilliger.fr\/wp-content\/uploads\/sites\/6\/2022\/03\/maison-individuelle-panneaux-construire-en-clt-schilliger-bois-200x113.jpg 200w, https:\/\/www.schilliger.fr\/wp-content\/uploads\/sites\/6\/2022\/03\/maison-individuelle-panneaux-construire-en-clt-schilliger-bois-400x225.jpg 400w, https:\/\/www.schilliger.fr\/wp-content\/uploads\/sites\/6\/2022\/03\/maison-individuelle-panneaux-construire-en-clt-schilliger-bois-600x338.jpg 600w, https:\/\/www.schilliger.fr\/wp-content\/uploads\/sites\/6\/2022\/03\/maison-individuelle-panneaux-construire-en-clt-schilliger-bois-800x450.jpg 800w, https:\/\/www.schilliger.fr\/wp-content\/uploads\/sites\/6\/2022\/03\/maison-individuelle-panneaux-construire-en-clt-schilliger-bois-1200x675.jpg 1200w, https:\/\/www.schilliger.fr\/wp-content\/uploads\/sites\/6\/2022\/03\/maison-individuelle-panneaux-construire-en-clt-schilliger-bois.jpg 1920w\" sizes=\"(max-width: 1024px) 100vw, (max-width: 640px) 100vw, 600px\" \/><\/a><\/span><\/div><div class=\"fusion-text fusion-text-28\" style=\"--awb-text-transform:none;\"><p>Vivienda unifamiliar construida con paneles de CLT en primera l\u00ednea de mar (Thorpeness, Reino-Unido)<\/p>\n<\/div><\/div><\/div><\/div><\/div><div class=\"fusion-fullwidth fullwidth-box fusion-builder-row-34 fusion-flex-container nonhundred-percent-fullwidth non-hundred-percent-height-scrolling\" style=\"--awb-border-radius-top-left:0px;--awb-border-radius-top-right:0px;--awb-border-radius-bottom-right:0px;--awb-border-radius-bottom-left:0px;--awb-flex-wrap:wrap;\" ><div class=\"fusion-builder-row fusion-row fusion-flex-align-items-flex-start fusion-flex-content-wrap\" style=\"max-width:1144px;margin-left: calc(-4% \/ 2 );margin-right: calc(-4% \/ 2 );\"><div class=\"fusion-layout-column fusion_builder_column fusion-builder-column-54 fusion_builder_column_1_2 1_2 fusion-flex-column\" style=\"--awb-bg-size:cover;--awb-width-large:50%;--awb-margin-top-large:0px;--awb-spacing-right-large:3.84%;--awb-margin-bottom-large:20px;--awb-spacing-left-large:3.84%;--awb-width-medium:100%;--awb-order-medium:0;--awb-spacing-right-medium:1.92%;--awb-spacing-left-medium:1.92%;--awb-width-small:100%;--awb-order-small:0;--awb-spacing-right-small:1.92%;--awb-spacing-left-small:1.92%;\"><div class=\"fusion-column-wrapper fusion-column-has-shadow fusion-flex-justify-content-flex-start fusion-content-layout-column\"><div class=\"fusion-separator fusion-full-width-sep\" style=\"align-self: center;margin-left: auto;margin-right: auto;margin-top:20px;width:100%;\"><\/div><div class=\"fusion-image-element \" style=\"--awb-caption-title-font-family:var(--h2_typography-font-family);--awb-caption-title-font-weight:var(--h2_typography-font-weight);--awb-caption-title-font-style:var(--h2_typography-font-style);--awb-caption-title-size:var(--h2_typography-font-size);--awb-caption-title-transform:var(--h2_typography-text-transform);--awb-caption-title-line-height:var(--h2_typography-line-height);--awb-caption-title-letter-spacing:var(--h2_typography-letter-spacing);\"><span class=\" fusion-imageframe imageframe-none imageframe-23 hover-type-none\"><a class=\"fusion-no-lightbox\" href=\"http:\/\/www.schilliger.fr\/wp-content\/uploads\/sites\/6\/2022\/03\/terrasses-couvertes-panneaux-construire-en-clt-schilliger-bois.jpg\" target=\"_blank\" aria-label=\"Terrasses couvertes en CLT douglas (Wintherthur, Suisse)\" rel=\"noopener noreferrer\"><img decoding=\"async\" width=\"1920\" height=\"1080\" alt=\"Terrasses couvertes en CLT douglas (Wintherthur, Suisse)\" src=\"http:\/\/www.schilliger.fr\/wp-content\/uploads\/sites\/6\/2022\/03\/terrasses-couvertes-panneaux-construire-en-clt-schilliger-bois.jpg\" class=\"img-responsive wp-image-4599\" srcset=\"https:\/\/www.schilliger.fr\/wp-content\/uploads\/sites\/6\/2022\/03\/terrasses-couvertes-panneaux-construire-en-clt-schilliger-bois-200x113.jpg 200w, https:\/\/www.schilliger.fr\/wp-content\/uploads\/sites\/6\/2022\/03\/terrasses-couvertes-panneaux-construire-en-clt-schilliger-bois-400x225.jpg 400w, https:\/\/www.schilliger.fr\/wp-content\/uploads\/sites\/6\/2022\/03\/terrasses-couvertes-panneaux-construire-en-clt-schilliger-bois-600x338.jpg 600w, https:\/\/www.schilliger.fr\/wp-content\/uploads\/sites\/6\/2022\/03\/terrasses-couvertes-panneaux-construire-en-clt-schilliger-bois-800x450.jpg 800w, https:\/\/www.schilliger.fr\/wp-content\/uploads\/sites\/6\/2022\/03\/terrasses-couvertes-panneaux-construire-en-clt-schilliger-bois-1200x675.jpg 1200w, https:\/\/www.schilliger.fr\/wp-content\/uploads\/sites\/6\/2022\/03\/terrasses-couvertes-panneaux-construire-en-clt-schilliger-bois.jpg 1920w\" sizes=\"(max-width: 1024px) 100vw, (max-width: 640px) 100vw, 600px\" \/><\/a><\/span><\/div><div class=\"fusion-text fusion-text-29\" style=\"--awb-text-transform:none;\"><p>Terrazas cubiertas en CLT de abeto Douglas (Wintherthur, Suiza)<\/p>\n<\/div><\/div><\/div><div class=\"fusion-layout-column fusion_builder_column fusion-builder-column-55 fusion_builder_column_1_2 1_2 fusion-flex-column\" style=\"--awb-bg-size:cover;--awb-width-large:50%;--awb-margin-top-large:0px;--awb-spacing-right-large:3.84%;--awb-margin-bottom-large:20px;--awb-spacing-left-large:3.84%;--awb-width-medium:100%;--awb-order-medium:0;--awb-spacing-right-medium:1.92%;--awb-spacing-left-medium:1.92%;--awb-width-small:100%;--awb-order-small:0;--awb-spacing-right-small:1.92%;--awb-spacing-left-small:1.92%;\"><div class=\"fusion-column-wrapper fusion-column-has-shadow fusion-flex-justify-content-flex-start fusion-content-layout-column\"><div class=\"fusion-separator fusion-full-width-sep\" style=\"align-self: center;margin-left: auto;margin-right: auto;margin-top:20px;width:100%;\"><\/div><div class=\"fusion-image-element \" style=\"--awb-caption-title-font-family:var(--h2_typography-font-family);--awb-caption-title-font-weight:var(--h2_typography-font-weight);--awb-caption-title-font-style:var(--h2_typography-font-style);--awb-caption-title-size:var(--h2_typography-font-size);--awb-caption-title-transform:var(--h2_typography-text-transform);--awb-caption-title-line-height:var(--h2_typography-line-height);--awb-caption-title-letter-spacing:var(--h2_typography-letter-spacing);\"><span class=\" fusion-imageframe imageframe-none imageframe-24 hover-type-none\"><a class=\"fusion-no-lightbox\" href=\"http:\/\/www.schilliger.fr\/wp-content\/uploads\/sites\/6\/2022\/03\/immeuble-collectif-5-etages-panneaux-construire-en-clt-schilliger-bois.jpg\" target=\"_blank\" aria-label=\"Immeuble collectif \u00e0 5 \u00e9tages (Wintherthur, Suisse)\" rel=\"noopener noreferrer\"><img decoding=\"async\" width=\"1920\" height=\"1080\" alt=\"Immeuble collectif \u00e0 5 \u00e9tages (Wintherthur, Suisse)\" src=\"http:\/\/www.schilliger.fr\/wp-content\/uploads\/sites\/6\/2022\/03\/immeuble-collectif-5-etages-panneaux-construire-en-clt-schilliger-bois.jpg\" class=\"img-responsive wp-image-4598\" srcset=\"https:\/\/www.schilliger.fr\/wp-content\/uploads\/sites\/6\/2022\/03\/immeuble-collectif-5-etages-panneaux-construire-en-clt-schilliger-bois-200x113.jpg 200w, https:\/\/www.schilliger.fr\/wp-content\/uploads\/sites\/6\/2022\/03\/immeuble-collectif-5-etages-panneaux-construire-en-clt-schilliger-bois-400x225.jpg 400w, https:\/\/www.schilliger.fr\/wp-content\/uploads\/sites\/6\/2022\/03\/immeuble-collectif-5-etages-panneaux-construire-en-clt-schilliger-bois-600x338.jpg 600w, https:\/\/www.schilliger.fr\/wp-content\/uploads\/sites\/6\/2022\/03\/immeuble-collectif-5-etages-panneaux-construire-en-clt-schilliger-bois-800x450.jpg 800w, https:\/\/www.schilliger.fr\/wp-content\/uploads\/sites\/6\/2022\/03\/immeuble-collectif-5-etages-panneaux-construire-en-clt-schilliger-bois-1200x675.jpg 1200w, https:\/\/www.schilliger.fr\/wp-content\/uploads\/sites\/6\/2022\/03\/immeuble-collectif-5-etages-panneaux-construire-en-clt-schilliger-bois.jpg 1920w\" sizes=\"(max-width: 1024px) 100vw, (max-width: 640px) 100vw, 600px\" \/><\/a><\/span><\/div><div class=\"fusion-text fusion-text-30\" style=\"--awb-text-transform:none;\"><p>Edificio de viviendas de 5 plantas (Wintherthur, Suiza)<\/p>\n<\/div><\/div><\/div><\/div><\/div><div class=\"fusion-fullwidth fullwidth-box fusion-builder-row-35 fusion-flex-container nonhundred-percent-fullwidth non-hundred-percent-height-scrolling\" style=\"--awb-border-radius-top-left:0px;--awb-border-radius-top-right:0px;--awb-border-radius-bottom-right:0px;--awb-border-radius-bottom-left:0px;--awb-flex-wrap:wrap;\" ><div class=\"fusion-builder-row fusion-row fusion-flex-align-items-flex-start fusion-flex-content-wrap\" style=\"max-width:1144px;margin-left: calc(-4% \/ 2 );margin-right: calc(-4% \/ 2 );\"><div class=\"fusion-layout-column fusion_builder_column fusion-builder-column-56 fusion_builder_column_1_2 1_2 fusion-flex-column\" style=\"--awb-bg-size:cover;--awb-width-large:50%;--awb-margin-top-large:0px;--awb-spacing-right-large:3.84%;--awb-margin-bottom-large:20px;--awb-spacing-left-large:3.84%;--awb-width-medium:100%;--awb-order-medium:0;--awb-spacing-right-medium:1.92%;--awb-spacing-left-medium:1.92%;--awb-width-small:100%;--awb-order-small:0;--awb-spacing-right-small:1.92%;--awb-spacing-left-small:1.92%;\"><div class=\"fusion-column-wrapper fusion-column-has-shadow fusion-flex-justify-content-flex-start fusion-content-layout-column\"><div class=\"fusion-separator fusion-full-width-sep\" style=\"align-self: center;margin-left: auto;margin-right: auto;margin-top:20px;width:100%;\"><\/div><div class=\"fusion-image-element \" style=\"--awb-caption-title-font-family:var(--h2_typography-font-family);--awb-caption-title-font-weight:var(--h2_typography-font-weight);--awb-caption-title-font-style:var(--h2_typography-font-style);--awb-caption-title-size:var(--h2_typography-font-size);--awb-caption-title-transform:var(--h2_typography-text-transform);--awb-caption-title-line-height:var(--h2_typography-line-height);--awb-caption-title-letter-spacing:var(--h2_typography-letter-spacing);\"><span class=\" fusion-imageframe imageframe-none imageframe-25 hover-type-none\"><a class=\"fusion-no-lightbox\" href=\"http:\/\/www.schilliger.fr\/wp-content\/uploads\/sites\/6\/2022\/03\/montage-maison-familiale-panneaux-construire-en-clt-schilliger-bois.jpg\" target=\"_blank\" aria-label=\"Montage maison familiale en CLT visible (Bellach, Suisse)\" rel=\"noopener noreferrer\"><img decoding=\"async\" width=\"1920\" height=\"1080\" alt=\"Montage maison familiale en CLT visible (Bellach, Suisse)\" src=\"http:\/\/www.schilliger.fr\/wp-content\/uploads\/sites\/6\/2022\/03\/montage-maison-familiale-panneaux-construire-en-clt-schilliger-bois.jpg\" class=\"img-responsive wp-image-4601\" srcset=\"https:\/\/www.schilliger.fr\/wp-content\/uploads\/sites\/6\/2022\/03\/montage-maison-familiale-panneaux-construire-en-clt-schilliger-bois-200x113.jpg 200w, https:\/\/www.schilliger.fr\/wp-content\/uploads\/sites\/6\/2022\/03\/montage-maison-familiale-panneaux-construire-en-clt-schilliger-bois-400x225.jpg 400w, https:\/\/www.schilliger.fr\/wp-content\/uploads\/sites\/6\/2022\/03\/montage-maison-familiale-panneaux-construire-en-clt-schilliger-bois-600x338.jpg 600w, https:\/\/www.schilliger.fr\/wp-content\/uploads\/sites\/6\/2022\/03\/montage-maison-familiale-panneaux-construire-en-clt-schilliger-bois-800x450.jpg 800w, https:\/\/www.schilliger.fr\/wp-content\/uploads\/sites\/6\/2022\/03\/montage-maison-familiale-panneaux-construire-en-clt-schilliger-bois-1200x675.jpg 1200w, https:\/\/www.schilliger.fr\/wp-content\/uploads\/sites\/6\/2022\/03\/montage-maison-familiale-panneaux-construire-en-clt-schilliger-bois.jpg 1920w\" sizes=\"(max-width: 1024px) 100vw, (max-width: 640px) 100vw, 600px\" \/><\/a><\/span><\/div><div class=\"fusion-text fusion-text-31\" style=\"--awb-text-transform:none;\"><p>Montaje de una casa unifamiliar de CLT calidad vista (Bellach, Suiza)<\/p>\n<\/div><\/div><\/div><div class=\"fusion-layout-column fusion_builder_column fusion-builder-column-57 fusion_builder_column_1_2 1_2 fusion-flex-column\" style=\"--awb-bg-size:cover;--awb-width-large:50%;--awb-margin-top-large:0px;--awb-spacing-right-large:3.84%;--awb-margin-bottom-large:20px;--awb-spacing-left-large:3.84%;--awb-width-medium:100%;--awb-order-medium:0;--awb-spacing-right-medium:1.92%;--awb-spacing-left-medium:1.92%;--awb-width-small:100%;--awb-order-small:0;--awb-spacing-right-small:1.92%;--awb-spacing-left-small:1.92%;\"><div class=\"fusion-column-wrapper fusion-column-has-shadow fusion-flex-justify-content-flex-start fusion-content-layout-column\"><div class=\"fusion-separator fusion-full-width-sep\" style=\"align-self: center;margin-left: auto;margin-right: auto;margin-top:20px;width:100%;\"><\/div><div class=\"fusion-image-element \" style=\"--awb-caption-title-font-family:var(--h2_typography-font-family);--awb-caption-title-font-weight:var(--h2_typography-font-weight);--awb-caption-title-font-style:var(--h2_typography-font-style);--awb-caption-title-size:var(--h2_typography-font-size);--awb-caption-title-transform:var(--h2_typography-text-transform);--awb-caption-title-line-height:var(--h2_typography-line-height);--awb-caption-title-letter-spacing:var(--h2_typography-letter-spacing);\"><span class=\" fusion-imageframe imageframe-none imageframe-26 hover-type-none\"><a class=\"fusion-no-lightbox\" href=\"http:\/\/www.schilliger.fr\/wp-content\/uploads\/sites\/6\/2022\/03\/maison-familiale-panneaux-construire-en-clt-schilliger-bois.jpg\" target=\"_blank\" aria-label=\"Maison familiale en CLT visible (Bellach, Suisse)\" rel=\"noopener noreferrer\"><img decoding=\"async\" width=\"1920\" height=\"1080\" alt=\"Maison familiale en CLT visible (Bellach, Suisse)\" src=\"http:\/\/www.schilliger.fr\/wp-content\/uploads\/sites\/6\/2022\/03\/maison-familiale-panneaux-construire-en-clt-schilliger-bois.jpg\" class=\"img-responsive wp-image-4600\" srcset=\"https:\/\/www.schilliger.fr\/wp-content\/uploads\/sites\/6\/2022\/03\/maison-familiale-panneaux-construire-en-clt-schilliger-bois-200x113.jpg 200w, https:\/\/www.schilliger.fr\/wp-content\/uploads\/sites\/6\/2022\/03\/maison-familiale-panneaux-construire-en-clt-schilliger-bois-400x225.jpg 400w, https:\/\/www.schilliger.fr\/wp-content\/uploads\/sites\/6\/2022\/03\/maison-familiale-panneaux-construire-en-clt-schilliger-bois-600x338.jpg 600w, https:\/\/www.schilliger.fr\/wp-content\/uploads\/sites\/6\/2022\/03\/maison-familiale-panneaux-construire-en-clt-schilliger-bois-800x450.jpg 800w, https:\/\/www.schilliger.fr\/wp-content\/uploads\/sites\/6\/2022\/03\/maison-familiale-panneaux-construire-en-clt-schilliger-bois-1200x675.jpg 1200w, https:\/\/www.schilliger.fr\/wp-content\/uploads\/sites\/6\/2022\/03\/maison-familiale-panneaux-construire-en-clt-schilliger-bois.jpg 1920w\" sizes=\"(max-width: 1024px) 100vw, (max-width: 640px) 100vw, 600px\" \/><\/a><\/span><\/div><div class=\"fusion-text fusion-text-32\" style=\"--awb-text-transform:none;\"><p>Casa unifamiliar de CLT calidad vista (Bellach, Suiza)<\/p>\n<\/div><\/div><\/div><\/div><\/div><div class=\"fusion-fullwidth fullwidth-box fusion-builder-row-36 fusion-flex-container nonhundred-percent-fullwidth non-hundred-percent-height-scrolling\" style=\"--awb-border-radius-top-left:0px;--awb-border-radius-top-right:0px;--awb-border-radius-bottom-right:0px;--awb-border-radius-bottom-left:0px;--awb-flex-wrap:wrap;\" ><div class=\"fusion-builder-row fusion-row fusion-flex-align-items-flex-start fusion-flex-content-wrap\" style=\"max-width:1144px;margin-left: calc(-4% \/ 2 );margin-right: calc(-4% \/ 2 );\"><div class=\"fusion-layout-column fusion_builder_column fusion-builder-column-58 fusion_builder_column_1_2 1_2 fusion-flex-column\" style=\"--awb-bg-size:cover;--awb-width-large:50%;--awb-margin-top-large:0px;--awb-spacing-right-large:3.84%;--awb-margin-bottom-large:20px;--awb-spacing-left-large:3.84%;--awb-width-medium:100%;--awb-order-medium:0;--awb-spacing-right-medium:1.92%;--awb-spacing-left-medium:1.92%;--awb-width-small:100%;--awb-order-small:0;--awb-spacing-right-small:1.92%;--awb-spacing-left-small:1.92%;\"><div class=\"fusion-column-wrapper fusion-column-has-shadow fusion-flex-justify-content-flex-start fusion-content-layout-column\"><div class=\"fusion-separator fusion-full-width-sep\" style=\"align-self: center;margin-left: auto;margin-right: auto;margin-top:20px;width:100%;\"><\/div><div class=\"fusion-image-element \" style=\"--awb-caption-title-font-family:var(--h2_typography-font-family);--awb-caption-title-font-weight:var(--h2_typography-font-weight);--awb-caption-title-font-style:var(--h2_typography-font-style);--awb-caption-title-size:var(--h2_typography-font-size);--awb-caption-title-transform:var(--h2_typography-text-transform);--awb-caption-title-line-height:var(--h2_typography-line-height);--awb-caption-title-letter-spacing:var(--h2_typography-letter-spacing);\"><span class=\" fusion-imageframe imageframe-none imageframe-27 hover-type-none\"><a class=\"fusion-no-lightbox\" href=\"http:\/\/www.schilliger.fr\/wp-content\/uploads\/sites\/6\/2022\/03\/montage-bureaux-panneaux-construire-en-clt-schilliger-bois.jpg\" target=\"_blank\" aria-label=\"Montage bureaux en CLT visible (Reguisheim, France)\" rel=\"noopener noreferrer\"><img decoding=\"async\" width=\"1920\" height=\"1080\" alt=\"Montage bureaux en CLT visible (Reguisheim, France)\" src=\"http:\/\/www.schilliger.fr\/wp-content\/uploads\/sites\/6\/2022\/03\/montage-bureaux-panneaux-construire-en-clt-schilliger-bois.jpg\" class=\"img-responsive wp-image-4603\" srcset=\"https:\/\/www.schilliger.fr\/wp-content\/uploads\/sites\/6\/2022\/03\/montage-bureaux-panneaux-construire-en-clt-schilliger-bois-200x113.jpg 200w, https:\/\/www.schilliger.fr\/wp-content\/uploads\/sites\/6\/2022\/03\/montage-bureaux-panneaux-construire-en-clt-schilliger-bois-400x225.jpg 400w, https:\/\/www.schilliger.fr\/wp-content\/uploads\/sites\/6\/2022\/03\/montage-bureaux-panneaux-construire-en-clt-schilliger-bois-600x338.jpg 600w, https:\/\/www.schilliger.fr\/wp-content\/uploads\/sites\/6\/2022\/03\/montage-bureaux-panneaux-construire-en-clt-schilliger-bois-800x450.jpg 800w, https:\/\/www.schilliger.fr\/wp-content\/uploads\/sites\/6\/2022\/03\/montage-bureaux-panneaux-construire-en-clt-schilliger-bois-1200x675.jpg 1200w, https:\/\/www.schilliger.fr\/wp-content\/uploads\/sites\/6\/2022\/03\/montage-bureaux-panneaux-construire-en-clt-schilliger-bois.jpg 1920w\" sizes=\"(max-width: 1024px) 100vw, (max-width: 640px) 100vw, 600px\" \/><\/a><\/span><\/div><div class=\"fusion-text fusion-text-33\" style=\"--awb-text-transform:none;\"><p>Montaje de un edificio de oficinas en CLT calidad vista (Reguisheim, Francia)<\/p>\n<\/div><\/div><\/div><div class=\"fusion-layout-column fusion_builder_column fusion-builder-column-59 fusion_builder_column_1_2 1_2 fusion-flex-column\" style=\"--awb-bg-size:cover;--awb-width-large:50%;--awb-margin-top-large:0px;--awb-spacing-right-large:3.84%;--awb-margin-bottom-large:20px;--awb-spacing-left-large:3.84%;--awb-width-medium:100%;--awb-order-medium:0;--awb-spacing-right-medium:1.92%;--awb-spacing-left-medium:1.92%;--awb-width-small:100%;--awb-order-small:0;--awb-spacing-right-small:1.92%;--awb-spacing-left-small:1.92%;\"><div class=\"fusion-column-wrapper fusion-column-has-shadow fusion-flex-justify-content-flex-start fusion-content-layout-column\"><div class=\"fusion-separator fusion-full-width-sep\" style=\"align-self: center;margin-left: auto;margin-right: auto;margin-top:20px;width:100%;\"><\/div><div class=\"fusion-image-element \" style=\"--awb-caption-title-font-family:var(--h2_typography-font-family);--awb-caption-title-font-weight:var(--h2_typography-font-weight);--awb-caption-title-font-style:var(--h2_typography-font-style);--awb-caption-title-size:var(--h2_typography-font-size);--awb-caption-title-transform:var(--h2_typography-text-transform);--awb-caption-title-line-height:var(--h2_typography-line-height);--awb-caption-title-letter-spacing:var(--h2_typography-letter-spacing);\"><span class=\" fusion-imageframe imageframe-none imageframe-28 hover-type-none\"><a class=\"fusion-no-lightbox\" href=\"http:\/\/www.schilliger.fr\/wp-content\/uploads\/sites\/6\/2022\/03\/bureaux-panneaux-construire-en-clt-schilliger-bois.jpg\" target=\"_blank\" aria-label=\"Bureaux en CLT visible (Reguisheim, France)\" rel=\"noopener noreferrer\"><img decoding=\"async\" width=\"1920\" height=\"1080\" alt=\"Bureaux en CLT visible (Reguisheim, France)\" src=\"http:\/\/www.schilliger.fr\/wp-content\/uploads\/sites\/6\/2022\/03\/bureaux-panneaux-construire-en-clt-schilliger-bois.jpg\" class=\"img-responsive wp-image-4602\" srcset=\"https:\/\/www.schilliger.fr\/wp-content\/uploads\/sites\/6\/2022\/03\/bureaux-panneaux-construire-en-clt-schilliger-bois-200x113.jpg 200w, https:\/\/www.schilliger.fr\/wp-content\/uploads\/sites\/6\/2022\/03\/bureaux-panneaux-construire-en-clt-schilliger-bois-400x225.jpg 400w, https:\/\/www.schilliger.fr\/wp-content\/uploads\/sites\/6\/2022\/03\/bureaux-panneaux-construire-en-clt-schilliger-bois-600x338.jpg 600w, https:\/\/www.schilliger.fr\/wp-content\/uploads\/sites\/6\/2022\/03\/bureaux-panneaux-construire-en-clt-schilliger-bois-800x450.jpg 800w, https:\/\/www.schilliger.fr\/wp-content\/uploads\/sites\/6\/2022\/03\/bureaux-panneaux-construire-en-clt-schilliger-bois-1200x675.jpg 1200w, https:\/\/www.schilliger.fr\/wp-content\/uploads\/sites\/6\/2022\/03\/bureaux-panneaux-construire-en-clt-schilliger-bois.jpg 1920w\" sizes=\"(max-width: 1024px) 100vw, (max-width: 640px) 100vw, 600px\" \/><\/a><\/span><\/div><div class=\"fusion-text fusion-text-34\" style=\"--awb-text-transform:none;\"><p>Edificio de oficinas en CLT calidad vista (Reguisheim, Francia)<\/p>\n<\/div><\/div><\/div><\/div><\/div><div class=\"fusion-fullwidth fullwidth-box fusion-builder-row-37 fusion-flex-container nonhundred-percent-fullwidth non-hundred-percent-height-scrolling\" style=\"--awb-border-radius-top-left:0px;--awb-border-radius-top-right:0px;--awb-border-radius-bottom-right:0px;--awb-border-radius-bottom-left:0px;--awb-flex-wrap:wrap;\" ><div class=\"fusion-builder-row fusion-row fusion-flex-align-items-flex-start fusion-flex-content-wrap\" style=\"max-width:1144px;margin-left: calc(-4% \/ 2 );margin-right: calc(-4% \/ 2 );\"><div class=\"fusion-layout-column fusion_builder_column fusion-builder-column-60 fusion_builder_column_1_1 1_1 fusion-flex-column\" style=\"--awb-bg-size:cover;--awb-width-large:100%;--awb-margin-top-large:0px;--awb-spacing-right-large:1.92%;--awb-margin-bottom-large:20px;--awb-spacing-left-large:1.92%;--awb-width-medium:100%;--awb-order-medium:0;--awb-spacing-right-medium:1.92%;--awb-spacing-left-medium:1.92%;--awb-width-small:100%;--awb-order-small:0;--awb-spacing-right-small:1.92%;--awb-spacing-left-small:1.92%;\"><div class=\"fusion-column-wrapper fusion-column-has-shadow fusion-flex-justify-content-flex-start fusion-content-layout-column\"><div class=\"fusion-separator fusion-full-width-sep\" style=\"align-self: center;margin-left: auto;margin-right: auto;margin-top:20px;width:100%;\"><\/div><\/div><\/div><\/div><\/div><\/p>\n","protected":false},"excerpt":{"rendered":"","protected":false},"author":13,"featured_media":0,"parent":4770,"menu_order":0,"comment_status":"closed","ping_status":"closed","template":"","meta":{"footnotes":""},"class_list":["post-4754","page","type-page","status-publish","hentry"],"yoast_head":"<!-- This site is optimized with the Yoast SEO plugin v16.7 - https:\/\/yoast.com\/wordpress\/plugins\/seo\/ -->\n<title>Construir en CLT | Paneles de madera laminada cruzada<\/title>\n<meta name=\"description\" content=\"Los paneles de CLT, compuestos por varias capas cruzadas de tablones de madera maciza, ofrecen numerosas ventajas para la realizaci\u00f3n de construcciones.\" \/>\n<meta name=\"robots\" content=\"index, follow, max-snippet:-1, max-image-preview:large, max-video-preview:-1\" \/>\n<link rel=\"canonical\" href=\"https:\/\/www.schilliger.fr\/es\/productos\/panel-clt-y-mhp\/panel-contralaminado-clt-panel-de-madera-macizo\/\" \/>\n<meta property=\"og:locale\" content=\"es_ES\" \/>\n<meta property=\"og:type\" content=\"article\" \/>\n<meta property=\"og:title\" content=\"Construir en CLT | Paneles de madera laminada cruzada\" \/>\n<meta property=\"og:description\" content=\"Los paneles de CLT, compuestos por varias capas cruzadas de tablones de madera maciza, ofrecen numerosas ventajas para la realizaci\u00f3n de construcciones.\" \/>\n<meta property=\"og:url\" content=\"https:\/\/www.schilliger.fr\/es\/productos\/panel-clt-y-mhp\/panel-contralaminado-clt-panel-de-madera-macizo\/\" \/>\n<meta property=\"og:site_name\" content=\"Schilliger France - Deutschland\" \/>\n<meta property=\"article:modified_time\" content=\"2024-04-14T09:16:20+00:00\" \/>\n<meta name=\"twitter:card\" content=\"summary\" \/>\n<meta name=\"twitter:label1\" content=\"Tiempo de lectura\" \/>\n\t<meta name=\"twitter:data1\" content=\"64 minutos\" \/>\n<script type=\"application\/ld+json\" class=\"yoast-schema-graph\">{\"@context\":\"https:\/\/schema.org\",\"@graph\":[{\"@type\":\"WebSite\",\"@id\":\"https:\/\/www.schilliger.fr\/es\/#website\",\"url\":\"https:\/\/www.schilliger.fr\/es\/\",\"name\":\"Schilliger France - Deutschland\",\"description\":\"\",\"potentialAction\":[{\"@type\":\"SearchAction\",\"target\":{\"@type\":\"EntryPoint\",\"urlTemplate\":\"https:\/\/www.schilliger.fr\/es\/?s={search_term_string}\"},\"query-input\":\"required name=search_term_string\"}],\"inLanguage\":\"es\"},{\"@type\":\"WebPage\",\"@id\":\"https:\/\/www.schilliger.fr\/es\/productos\/panel-clt-y-mhp\/panel-contralaminado-clt-panel-de-madera-macizo\/#webpage\",\"url\":\"https:\/\/www.schilliger.fr\/es\/productos\/panel-clt-y-mhp\/panel-contralaminado-clt-panel-de-madera-macizo\/\",\"name\":\"Construir en CLT | Paneles de madera laminada cruzada\",\"isPartOf\":{\"@id\":\"https:\/\/www.schilliger.fr\/es\/#website\"},\"datePublished\":\"2022-03-07T14:23:08+00:00\",\"dateModified\":\"2024-04-14T09:16:20+00:00\",\"description\":\"Los paneles de CLT, compuestos por varias capas cruzadas de tablones de madera maciza, ofrecen numerosas ventajas para la realizaci\\u00f3n de construcciones.\",\"breadcrumb\":{\"@id\":\"https:\/\/www.schilliger.fr\/es\/productos\/panel-clt-y-mhp\/panel-contralaminado-clt-panel-de-madera-macizo\/#breadcrumb\"},\"inLanguage\":\"es\",\"potentialAction\":[{\"@type\":\"ReadAction\",\"target\":[\"https:\/\/www.schilliger.fr\/es\/productos\/panel-clt-y-mhp\/panel-contralaminado-clt-panel-de-madera-macizo\/\"]}]},{\"@type\":\"BreadcrumbList\",\"@id\":\"https:\/\/www.schilliger.fr\/es\/productos\/panel-clt-y-mhp\/panel-contralaminado-clt-panel-de-madera-macizo\/#breadcrumb\",\"itemListElement\":[{\"@type\":\"ListItem\",\"position\":1,\"name\":\"Accueil\",\"item\":\"https:\/\/www.schilliger.fr\/es\/\"},{\"@type\":\"ListItem\",\"position\":2,\"name\":\"Productos\",\"item\":\"https:\/\/www.schilliger.fr\/es\/productos\/\"},{\"@type\":\"ListItem\",\"position\":3,\"name\":\"Panel CLT\",\"item\":\"https:\/\/www.schilliger.fr\/es\/productos\/panel-clt-y-mhp\/\"},{\"@type\":\"ListItem\",\"position\":4,\"name\":\"Panel contralaminado CLT &#8211; Panel de madera macizo\"}]}]}<\/script>\n<!-- \/ Yoast SEO plugin. -->","yoast_head_json":{"title":"Construir en CLT | Paneles de madera laminada cruzada","description":"Los paneles de CLT, compuestos por varias capas cruzadas de tablones de madera maciza, ofrecen numerosas ventajas para la realizaci\u00f3n de construcciones.","robots":{"index":"index","follow":"follow","max-snippet":"max-snippet:-1","max-image-preview":"max-image-preview:large","max-video-preview":"max-video-preview:-1"},"canonical":"https:\/\/www.schilliger.fr\/es\/productos\/panel-clt-y-mhp\/panel-contralaminado-clt-panel-de-madera-macizo\/","og_locale":"es_ES","og_type":"article","og_title":"Construir en CLT | Paneles de madera laminada cruzada","og_description":"Los paneles de CLT, compuestos por varias capas cruzadas de tablones de madera maciza, ofrecen numerosas ventajas para la realizaci\u00f3n de construcciones.","og_url":"https:\/\/www.schilliger.fr\/es\/productos\/panel-clt-y-mhp\/panel-contralaminado-clt-panel-de-madera-macizo\/","og_site_name":"Schilliger France - Deutschland","article_modified_time":"2024-04-14T09:16:20+00:00","twitter_card":"summary","twitter_misc":{"Tiempo de lectura":"64 minutos"},"schema":{"@context":"https:\/\/schema.org","@graph":[{"@type":"WebSite","@id":"https:\/\/www.schilliger.fr\/es\/#website","url":"https:\/\/www.schilliger.fr\/es\/","name":"Schilliger France - Deutschland","description":"","potentialAction":[{"@type":"SearchAction","target":{"@type":"EntryPoint","urlTemplate":"https:\/\/www.schilliger.fr\/es\/?s={search_term_string}"},"query-input":"required name=search_term_string"}],"inLanguage":"es"},{"@type":"WebPage","@id":"https:\/\/www.schilliger.fr\/es\/productos\/panel-clt-y-mhp\/panel-contralaminado-clt-panel-de-madera-macizo\/#webpage","url":"https:\/\/www.schilliger.fr\/es\/productos\/panel-clt-y-mhp\/panel-contralaminado-clt-panel-de-madera-macizo\/","name":"Construir en CLT | Paneles de madera laminada cruzada","isPartOf":{"@id":"https:\/\/www.schilliger.fr\/es\/#website"},"datePublished":"2022-03-07T14:23:08+00:00","dateModified":"2024-04-14T09:16:20+00:00","description":"Los paneles de CLT, compuestos por varias capas cruzadas de tablones de madera maciza, ofrecen numerosas ventajas para la realizaci\u00f3n de construcciones.","breadcrumb":{"@id":"https:\/\/www.schilliger.fr\/es\/productos\/panel-clt-y-mhp\/panel-contralaminado-clt-panel-de-madera-macizo\/#breadcrumb"},"inLanguage":"es","potentialAction":[{"@type":"ReadAction","target":["https:\/\/www.schilliger.fr\/es\/productos\/panel-clt-y-mhp\/panel-contralaminado-clt-panel-de-madera-macizo\/"]}]},{"@type":"BreadcrumbList","@id":"https:\/\/www.schilliger.fr\/es\/productos\/panel-clt-y-mhp\/panel-contralaminado-clt-panel-de-madera-macizo\/#breadcrumb","itemListElement":[{"@type":"ListItem","position":1,"name":"Accueil","item":"https:\/\/www.schilliger.fr\/es\/"},{"@type":"ListItem","position":2,"name":"Productos","item":"https:\/\/www.schilliger.fr\/es\/productos\/"},{"@type":"ListItem","position":3,"name":"Panel CLT","item":"https:\/\/www.schilliger.fr\/es\/productos\/panel-clt-y-mhp\/"},{"@type":"ListItem","position":4,"name":"Panel contralaminado CLT &#8211; Panel de madera macizo"}]}]}},"_links":{"self":[{"href":"https:\/\/www.schilliger.fr\/es\/wp-json\/wp\/v2\/pages\/4754","targetHints":{"allow":["GET"]}}],"collection":[{"href":"https:\/\/www.schilliger.fr\/es\/wp-json\/wp\/v2\/pages"}],"about":[{"href":"https:\/\/www.schilliger.fr\/es\/wp-json\/wp\/v2\/types\/page"}],"author":[{"embeddable":true,"href":"https:\/\/www.schilliger.fr\/es\/wp-json\/wp\/v2\/users\/13"}],"replies":[{"embeddable":true,"href":"https:\/\/www.schilliger.fr\/es\/wp-json\/wp\/v2\/comments?post=4754"}],"version-history":[{"count":11,"href":"https:\/\/www.schilliger.fr\/es\/wp-json\/wp\/v2\/pages\/4754\/revisions"}],"predecessor-version":[{"id":5747,"href":"https:\/\/www.schilliger.fr\/es\/wp-json\/wp\/v2\/pages\/4754\/revisions\/5747"}],"up":[{"embeddable":true,"href":"https:\/\/www.schilliger.fr\/es\/wp-json\/wp\/v2\/pages\/4770"}],"wp:attachment":[{"href":"https:\/\/www.schilliger.fr\/es\/wp-json\/wp\/v2\/media?parent=4754"}],"curies":[{"name":"wp","href":"https:\/\/api.w.org\/{rel}","templated":true}]}}